{"id":5998,"date":"2024-07-31T14:36:41","date_gmt":"2024-07-31T11:36:41","guid":{"rendered":"https:\/\/sugardaddynordic.com\/?page_id=5998"},"modified":"2024-01-29T14:06:59","modified_gmt":"2024-01-29T14:06:59","slug":"personuverndarstefna-2","status":"publish","type":"page","link":"https:\/\/sugardaddynordic.com\/is\/tietosuojakaytanto-2\/","title":{"rendered":"Pers\u00f3nuverndarstefna"},"content":{"rendered":"<h3 class=\"wp-block-heading\"><a href=\"https:\/\/sugardaddynordic.com\/is\/\">sugar daddy Finnska<\/a>&nbsp;eigandinn er:<\/h3>\n\n\n\n<ul class=\"wp-block-list\">\n<li>Nafn: Start &amp; Power LCC<\/li>\n\n\n\n<li>Heimilisfang: 2815 Directors Row ste 100 skrifstofa 906 Orlando, FL 32809<\/li>\n\n\n\n<li>Netfang: info@startandpower.com<\/li>\n\n\n\n<li>Tilgangur s\u00ed\u00f0unnar: stefnum\u00f3t og blogg<\/li>\n<\/ul>\n\n\n\n<h2 class=\"wp-block-heading\">VERND PERS\u00d3NUUPPL\u00ddSINGA<\/h2>\n\n\n\n<h3 class=\"wp-block-heading\">\u00c1byrgur fyrir um\u00f6nnun<\/h3>\n\n\n\n<p><strong>Pers\u00f3nuverndarfulltr\u00fai:<\/strong>&nbsp;&nbsp;\u00c1byrg\u00f0 \u00e1 verndun Start &amp; Power LCC. Haf\u00f0u samband vi\u00f0 okkur \u00ed gegnum t\u00f6lvup\u00f3st \u00e1 info@startandpower.com<\/p>\n\n\n\n<h3 class=\"wp-block-heading\" id=\"GDPR\">AL\u00deJ\u00d3\u00d0LEGAR UPPL\u00ddSINGAR<\/h3>\n\n\n\n<p>Sugardaddyportugal.pt er hluti af neti blogga og samf\u00e9lagsmi\u00f0la \u00ed eigu Start &amp; Power LCC og veitir \u00fej\u00f3nustu um allan heim. Vi\u00f0 erum sta\u00f0sett \u00ed Bandar\u00edkjunum og uppl\u00fdsingarnar sem vi\u00f0 s\u00f6fnum eru h\u00e1\u00f0ar bandar\u00edskum l\u00f6gum. Me\u00f0 \u00fev\u00ed a\u00f0 f\u00e1 a\u00f0gang a\u00f0 e\u00f0a nota leitar\u00fej\u00f3nustuna e\u00f0a veita okkur uppl\u00fdsingar sam\u00feykkir \u00fe\u00fa vinnslu, flutning og geymslu uppl\u00fdsinga \u00feinna \u00ed Bandar\u00edkjunum og \u00f6\u00f0rum l\u00f6ndum \u00fear sem \u00fe\u00fa g\u00e6tir ekki haft s\u00f6mu r\u00e9ttindi og \u00fe\u00fa hef\u00f0ir samkv\u00e6mt gildandi l\u00f6gum.<\/p>\n\n\n\n<h2 class=\"wp-block-heading\">R\u00c9TTINDI \u00de\u00cdNAR TIL GAGNAVERNDAR<\/h2>\n\n\n\n<p><strong>Hvernig \u00e1 a\u00f0 n\u00fdta r\u00e9ttindi \u00fe\u00edn:<\/strong>&nbsp;&nbsp;&nbsp;\u00de\u00fa getur sent skriflegt skilabo\u00f0 \u00e1 netfangi\u00f0 sem tilgreint er \u00ed haus \u00feessarar lagalegu tilkynningar, \u00fear me\u00f0 tali\u00f0 lj\u00f3srit af \u00fej\u00f3\u00f0legu skilr\u00edki \u00fe\u00ednu e\u00f0a \u00f6\u00f0ru samb\u00e6rilegu skilr\u00edki, til a\u00f0 \u00f3ska eftir a\u00f0 n\u00fdta r\u00e9ttindi \u00fe\u00edn.<\/p>\n\n\n\n<h3 class=\"wp-block-heading\">Gagnageymsla<\/h3>\n\n\n\n<p><strong>\u00cdtarlegar uppl\u00fdsingar:<\/strong>&nbsp;&nbsp;&nbsp;Tilgreind g\u00f6gn eru geymd \u00e1n bannt\u00edmabils.&nbsp;<strong>Uppl\u00fdsingar um \u00e1skrifendur a\u00f0 t\u00f6lvup\u00f3ststraumi:<\/strong>&nbsp;&nbsp;&nbsp;fr\u00e1 \u00fev\u00ed a\u00f0 notandinn leggur inn p\u00f6ntun \u00fear til hann h\u00e6ttir vi\u00f0 p\u00f6ntunina.&nbsp;<strong>Uppl\u00fdsingar um \u00e1skrift a\u00f0 fr\u00e9ttabr\u00e9fi:<\/strong>&nbsp;&nbsp;&nbsp;\u00dea\u00f0an&nbsp;&nbsp;<strong>fr\u00e1 \u00feeirri stundu \u00feegar<\/strong>&nbsp;&nbsp;Notandinn skr\u00e1ir sig inn til a\u00f0 h\u00e6tta vi\u00f0 \u00e1skriftina.&nbsp;<strong>Notendag\u00f6gn send af Start &amp; Power LCC \u00e1 s\u00ed\u00f0ur og pr\u00f3f\u00edla \u00e1 samf\u00e9lagsmi\u00f0lum:<\/strong>&nbsp;&nbsp;&nbsp;Fr\u00e1 \u00fev\u00ed a\u00f0 notandinn veitir sam\u00feykki sitt \u00fear til hann afturkallar \u00fea\u00f0.<\/p>\n\n\n\n<h3 class=\"wp-block-heading\">Tr\u00fana\u00f0ur og \u00f6ryggi gagna<\/h3>\n\n\n\n<p>Hefja og koma \u00e1 f\u00f3t LCC. skuldbindur sig til a\u00f0 nota uppl\u00fdsingarnar,&nbsp;&nbsp;<strong>a\u00f0 vir\u00f0a tr\u00fana\u00f0 \u00feeirra<\/strong>&nbsp;&nbsp;og nota \u00feau \u00ed til\u00e6tlu\u00f0um tilgangi og til a\u00f0 uppfylla skyldu s\u00edna til a\u00f0 geyma g\u00f6gnin og gera allar r\u00e1\u00f0stafanir til a\u00f0 koma \u00ed veg fyrir breytingu, tap, vinnslu e\u00f0a \u00f3heimilan a\u00f0gang.<\/p>\n\n\n\n<h3 class=\"wp-block-heading\">\u00d6ryggisbrot<\/h3>\n\n\n\n<p>Start &amp; Power LCC. gr\u00edpur til s\u00e6milegra verndarr\u00e1\u00f0stafana til a\u00f0 greina v\u00edrusa, \u201ebrute force\u201c \u00e1r\u00e1sir og k\u00f3\u00f0ainnsetningar. Hins vegar \u00e6ttir \u00fe\u00fa a\u00f0 vera me\u00f0vita\u00f0ur um a\u00f0 \u00f6ryggisr\u00e1\u00f0stafanir t\u00f6lvukerfa \u00e1 Netinu eru ekki fullkomlega \u00e1rei\u00f0anlegar og \u00fev\u00ed getur Start &amp; Power LCC. ekki \u00e1byrgst a\u00f0 v\u00edrusar e\u00f0a a\u00f0rir \u00fe\u00e6ttir sem g\u00e6tu valdi\u00f0 breytingum \u00e1 t\u00f6lvukerfum notandans (hugb\u00fana\u00f0i og v\u00e9lb\u00fana\u00f0i) e\u00f0a rafr\u00e6num skj\u00f6lum og skr\u00e1m sem \u00fear eru geymdar s\u00e9u ekki til sta\u00f0ar. Engu a\u00f0 s\u00ed\u00f0ur, \u00ed tilraun til a\u00f0...&nbsp;&nbsp;<strong>tryggja \u00f6ryggi og fri\u00f0helgi pers\u00f3nuuppl\u00fdsinga \u00feinna<\/strong>&nbsp;sugardaddynordic.com er me\u00f0 virkt \u00f6ryggiseftirlitskerfi sem sk\u00fdrir fr\u00e1 virkni hvers notanda og hugsanlegum brotum \u00e1 \u00f6ryggi notendagagna. Ef \u00fe\u00fa uppg\u00f6tvar brot skuldbindur Start &amp; Power LCC sig til \u00feess.&nbsp;&nbsp;<strong>l\u00e1ta notendur vita innan 72 klukkustunda<\/strong>&nbsp;&nbsp;.<\/p>\n\n\n\n<h2 class=\"wp-block-heading\">HVA\u00d0A UPPL\u00ddSINGAR S\u00d6FNUM VI\u00d0 FR\u00c1 NOTENDUM OG TIL HVA\u00d0 NOTA VI\u00d0 \u00de\u00c6R?<\/h2>\n\n\n\n<p>Ef \u00fe\u00fa gerir a\u00f0ganginn \u00feinn \u00f3virkan e\u00f0a bi\u00f0ur Start &amp; Power LCC um a\u00f0 ey\u00f0a pers\u00f3nuuppl\u00fdsingum \u00fe\u00ednum, kann Start &amp; Power LCC samt sem \u00e1\u00f0ur a\u00f0 geyma \u00e1kve\u00f0nar uppl\u00fdsingar sem tengjast a\u00f0ganginum \u00fe\u00ednum \u00ed \u00feeim tilgangi a\u00f0 vi\u00f0halda gagnaheilleika, koma \u00ed veg fyrir svik, innheimta skuldir, framfylgja skilm\u00e1lum okkar og gr\u00edpa til \u00feeirra r\u00e1\u00f0stafana sem vi\u00f0 teljum nau\u00f0synlegar til a\u00f0 vernda heilleika vefs\u00ed\u00f0u okkar e\u00f0a notenda okkar, e\u00f0a til a\u00f0 gr\u00edpa til annarra r\u00e1\u00f0stafana sem heimilar eru samkv\u00e6mt almennu pers\u00f3nuverndarregluger\u00f0inni. A\u00f0 auki, ef \u00e1kve\u00f0nar uppl\u00fdsingar hafa \u00feegar veri\u00f0 veittar \u00feri\u00f0ja a\u00f0ila eins og l\u00fdst er \u00ed pers\u00f3nuverndarstefnu okkar, er var\u00f0veisla \u00feeirra uppl\u00fdsinga h\u00e1\u00f0 stefnu \u00feessara \u00feri\u00f0ju a\u00f0ila.<\/p>\n\n\n\n<p>Allar v\u00f6rur og \u00fej\u00f3nusta sem bo\u00f0i\u00f0 er upp \u00e1 \u00e1 vefs\u00ed\u00f0unni sugardaddynordic.com v\u00edsa til tengili\u00f0aforma, athugasemdaforma og skr\u00e1ningarforma notenda, \u00e1skrifta a\u00f0 fr\u00e9ttabr\u00e9fum og\/e\u00f0a kaupbei\u00f0na. \u00deessi vefs\u00ed\u00f0a krefst alltaf fyrirfram sam\u00feykkis notenda fyrir vinnslu pers\u00f3nuuppl\u00fdsinga \u00feeirra \u00ed tilgreindum tilgangi. \u00de\u00fa hefur r\u00e9tt til a\u00f0 afturkalla fyrirfram sam\u00feykki \u00feitt hven\u00e6r sem er.<\/p>\n\n\n\n<h3 class=\"wp-block-heading\"><strong>Skr\u00e1 yfir gagnavinnslustarfsemi<\/strong><\/h3>\n\n\n\n<p><strong>Net og h\u00fdsing:<\/strong>&nbsp;&nbsp;&nbsp; sugardaddynordic.com inniheldur SSL TLS v.1.2 dulk\u00f3\u00f0un, sem gerir kleift a\u00f0 senda pers\u00f3nuuppl\u00fdsingar \u00e1 \u00f6ruggan h\u00e1tt \u00ed gegnum st\u00f6\u00f0lu\u00f0 tengili\u00f0sey\u00f0ubl\u00f6\u00f0 sem eru h\u00fdst \u00e1 Start &amp; Power LCC net\u00fej\u00f3num. Hann r\u00e9\u00f0i.&nbsp;<strong>Uppl\u00fdsingar safna\u00f0ar \u00e1 netinu:<\/strong>&nbsp;&nbsp;Pers\u00f3nuuppl\u00fdsingarnar sem safna\u00f0 er eru unnar sj\u00e1lfkrafa og settar inn \u00ed samsvarandi Start &amp; Power LCC skr\u00e1r. er eigandinn.<\/p>\n\n\n\n<ul class=\"wp-block-list\">\n<li>Vi\u00f0 f\u00e1um IP-t\u00f6lu \u00fe\u00edna, sem er notu\u00f0 til a\u00f0 sta\u00f0festa uppruna skilabo\u00f0anna til a\u00f0 veita \u00fe\u00e9r uppl\u00fdsingar, verjast ruslp\u00f3sti og greina hugsanlega misnotkun (til d\u00e6mis: m\u00f3ta\u00f0ilar \u00ed sama m\u00e1li sl\u00e1 inn s\u00f6mu IP-t\u00f6lu \u00e1 vefs\u00ed\u00f0unni), \u00feannig a\u00f0 vi\u00f0 getum t.d. fengi\u00f0 uppl\u00fdsingar um net\u00fej\u00f3nustuveituna \u00fe\u00edna.<\/li>\n\n\n\n<li>\u00de\u00fa getur einnig l\u00e1ti\u00f0 okkur \u00ed t\u00e9 uppl\u00fdsingar \u00fe\u00ednar \u00ed gegnum t\u00f6lvup\u00f3st og a\u00f0rar samskiptalei\u00f0ir sem nefndar eru \u00ed tengili\u00f0akaflanum.<\/li>\n<\/ul>\n\n\n\n<p><strong>Athugasemdaform<\/strong>&nbsp;&nbsp;Netnotendur hafa t\u00e6kif\u00e6ri til a\u00f0 tj\u00e1 sig um birtingar vefs\u00ed\u00f0unnar. Vafrak\u00f6kur eru nota\u00f0ar til a\u00f0 geyma uppl\u00fdsingar sem notandinn gefur upp svo a\u00f0 hann \u00feurfi ekki a\u00f0 sl\u00e1 \u00fe\u00e6r inn aftur \u00ed hverri n\u00fdrri heims\u00f3kn, og netfang, nafn, vefs\u00ed\u00f0a og IP-tala eru einnig safna\u00f0 innbyr\u00f0is. Uppl\u00fdsingarnar eru geymdar \u00e1 net\u00fej\u00f3num s\u00f6mu vefs\u00ed\u00f0u.&nbsp;<strong>Skr\u00e1ning notanda<\/strong>&nbsp;&nbsp;G\u00f6gnin eru geymd \u00e1 s\u00f6mu net\u00fej\u00f3num og h\u00fdsa neti\u00f0.&nbsp;<strong>\u00c1skriftarform fyrir fr\u00e9ttabr\u00e9f<\/strong>&nbsp;R\u00e6sa og tengjast LCC. Senda fr\u00e9ttabr\u00e9f (t\u00f6lvup\u00f3stfr\u00e9ttabr\u00e9f) \u00ed gegnum vi\u00f0b\u00f3tina, sem geymir netfangi\u00f0 \u00feitt og nafn \u00ed gagnagrunni \u00e1 net\u00fej\u00f3nunum \u00fear sem vefs\u00ed\u00f0an er h\u00fdst. Til a\u00f0 halda \u00fe\u00e9r uppl\u00fdstum.&nbsp;<strong>Netfang:<\/strong>&nbsp;&nbsp;&nbsp;T\u00f6lvup\u00f3st\u00fej\u00f3nusta okkar er Google, Inc. \u00ed gegnum Gmail.&nbsp;<strong>Skyndiskilabo\u00f0:<\/strong>&nbsp;&nbsp;&nbsp; Start &amp; Power LCC b\u00fd\u00f0ur ekki upp \u00e1 \u00fej\u00f3nustu \u00ed gegnum spjall\u00fej\u00f3nustu eins og WhatsApp, Facebook Messenger e\u00f0a Line. Nema \u00fea\u00f0 s\u00e9 s\u00e9rstaklega \u00f3ska\u00f0 eftir. (Ef \u00fe\u00fa vilt f\u00e1 frekari uppl\u00fdsingar um net\u00fej\u00f3ninn getur\u00f0u leita\u00f0 \u00feeirra \u00ed Whois)<\/p>\n\n\n\n<h3 class=\"wp-block-heading\">Innbyggt efni af \u00f6\u00f0rum vefs\u00ed\u00f0um<\/h3>\n\n\n\n<p>Greinar \u00e1 Sugardaddyportugal.pt geta innihaldi\u00f0 innbyggt efni (t.d. myndb\u00f6nd, myndir, greinar o.s.frv.). Innbyggt efni fr\u00e1 \u00f6\u00f0rum vefs\u00ed\u00f0um heg\u00f0ar s\u00e9r \u00e1 sama h\u00e1tt og ef gesturinn hef\u00f0i heims\u00f3tt hina vefs\u00ed\u00f0una. \u00deessar vefs\u00ed\u00f0ur geta safna\u00f0 uppl\u00fdsingum um \u00feig, nota\u00f0 vafrak\u00f6kur, fellt inn m\u00e6lingar fr\u00e1 \u00feri\u00f0ja a\u00f0ila og raki\u00f0 samskipti \u00fe\u00edn vi\u00f0 innbygg\u00f0a efni\u00f0, \u00fear \u00e1 me\u00f0al samskipti \u00fe\u00edn vi\u00f0 innbygg\u00f0a efni\u00f0 ef \u00fe\u00fa ert me\u00f0 a\u00f0gang e\u00f0a ert skr\u00e1\u00f0(ur) inn \u00e1 \u00fe\u00e1 vefs\u00ed\u00f0u.&nbsp;<strong>\u00d6nnur \u00fej\u00f3nusta:<\/strong>&nbsp;&nbsp;&nbsp;\u00c1kve\u00f0nar \u00fej\u00f3nustur sem \u00ed bo\u00f0i eru \u00ed gegnum vefs\u00ed\u00f0una sugardaddynordic.com geta fali\u00f0 \u00ed s\u00e9r s\u00e9rstaka skilm\u00e1la og \u00e1kv\u00e6\u00f0i var\u00f0andi vernd pers\u00f3nuuppl\u00fdsinga. Nau\u00f0synlegt er a\u00f0 lesa og sam\u00feykkja \u00feau \u00e1\u00f0ur en gerist \u00e1skrifandi a\u00f0 \u00feeirri \u00fej\u00f3nustu.&nbsp;<strong>Tilgangur og l\u00f6gm\u00e6ti:<\/strong>&nbsp;&nbsp;&nbsp;Tilgangur vinnslu \u00feessara uppl\u00fdsinga er eing\u00f6ngu a\u00f0 veita \u00fe\u00e9r \u00fe\u00e6r uppl\u00fdsingar e\u00f0a \u00fej\u00f3nustu sem \u00fe\u00fa hefur \u00f3ska\u00f0 eftir.<\/p>\n\n\n\n<h3 class=\"wp-block-heading\">Samf\u00e9lagsmi\u00f0lar<\/h3>\n\n\n\n<ul class=\"wp-block-list\">\n<li><strong>Vi\u00f0vera \u00e1 netkerfum:<\/strong>&nbsp;&nbsp;Start &amp; Power LCC. \u00dea\u00f0 er me\u00f0 pr\u00f3f\u00edla \u00e1 nokkrum af mikilv\u00e6gustu samf\u00e9lagsmi\u00f0lunum \u00e1 Netinu.<\/li>\n\n\n\n<li><strong>Tilgangur og r\u00e9ttl\u00e6ting:<\/strong>&nbsp;&nbsp;Byrja\u00f0u og virkja\u00f0u LCC me\u00f0fer\u00f0. G\u00f6gnin fr\u00e1 hverju ofangreindra netkerfa ver\u00f0a notu\u00f0 \u00ed h\u00e1marks m\u00e6li sem samf\u00e9lagsmi\u00f0illinn leyfir fyrir vi\u00f0skiptapr\u00f3f\u00edla. R\u00e6stu s\u00ed\u00f0an LCC og virkja\u00f0u \u00fea\u00f0. \u00de\u00fa getur uppl\u00fdst fylgjendur \u00fe\u00edna um athafnir \u00fe\u00ednar, kynningar, tilbo\u00f0, \u00feegar \u00fea\u00f0 er ekki banna\u00f0 samkv\u00e6mt l\u00f6gum, \u00e1 \u00feann h\u00e1tt sem samf\u00e9lagsmi\u00f0illinn leyfir og veitt fylgjendum \u00fe\u00ednum pers\u00f3nulega \u00fej\u00f3nustu.<\/li>\n\n\n\n<li><strong>Gagna\u00fatdr\u00e1ttur:<\/strong>&nbsp;&nbsp;Undir engum kringumst\u00e6\u00f0um mun Start &amp; Power LCC. s\u00e6kja uppl\u00fdsingar af samf\u00e9lagsmi\u00f0lum nema sam\u00feykki notandans hafi veri\u00f0 fengi\u00f0 s\u00e9rstaklega og s\u00e9rstaklega.<\/li>\n\n\n\n<li><strong>R\u00e9ttindi:<\/strong>&nbsp;&nbsp;\u00deegar, vegna e\u00f0lis samf\u00e9lagsmi\u00f0la, krefst breytinga \u00e1 \u00feessum pers\u00f3nuuppl\u00fdsingum Start &amp; Power LCC til a\u00f0 fylgjendur geti n\u00fdtt s\u00e9r r\u00e9ttindi s\u00edn til gagnaverndar \u00e1 \u00e1hrifar\u00edkan h\u00e1tt, mun hann a\u00f0sto\u00f0a \u00feig og r\u00e1\u00f0leggja \u00fe\u00e9r \u00ed \u00fev\u00ed m\u00e1li eftir bestu getu.<\/li>\n<\/ul>\n\n\n\n<h3 class=\"wp-block-heading\">Vinnslua\u00f0ilar utan ESB<\/h3>\n\n\n\n<ul class=\"wp-block-list\">\n<li><strong>Geymsla og dulk\u00f3\u00f0un.&nbsp;<\/strong>R\u00e6stu og r\u00e6stu LCC.&nbsp;<a rel=\"noreferrer noopener\" href=\"https:\/\/www.google.com\/intl\/es\/about\/company\/\" target=\"_blank\">nota\u00f0 af Google Inc.<\/a>&nbsp;dulk\u00f3\u00f0a\u00f0ra geymslu\u00fej\u00f3nustu&nbsp;&nbsp;&nbsp;<a rel=\"noreferrer noopener\" href=\"https:\/\/www.google.com\/intl\/es_es\/drive\/\" target=\"_blank\">Google Drive<\/a>&nbsp;&nbsp;&nbsp;\u00ed gegnum.<\/li>\n\n\n\n<li><strong>Netfang.&nbsp;<\/strong>&nbsp;T\u00f6lvup\u00f3st\u00fej\u00f3nusta Sugardaddyportugal.pt \u00ed bo\u00f0i&nbsp;&nbsp;&nbsp;<a rel=\"noreferrer noopener\" href=\"https:\/\/www.google.es\/intl\/es\/about\/\" target=\"_blank\">Google hf.<\/a>&nbsp;\u00fej\u00f3nustu \u00ed gegnum Gmail.<\/li>\n\n\n\n<li><strong>Samf\u00e9lagsmi\u00f0lar.&nbsp;<\/strong>Start &amp; Power LCC. notar bandar\u00edsku samf\u00e9lagsmi\u00f0lana YouTube, Facebook og Twitter, sem al\u00fej\u00f3\u00f0legar, greiningar- og t\u00e6knilegar gagnaflutningar fara fram \u00e1 net\u00fej\u00f3num s\u00ednum \u00fear sem Start &amp; Power LCC. vinnur \u00far g\u00f6gnum sem notendur, \u00e1skrifendur e\u00f0a vafrar l\u00e1ta Start &amp; Power LCC \u00ed t\u00e9 \u00ed gegnum \u00fe\u00e1 e\u00f0a deila me\u00f0 \u00fev\u00ed.<\/li>\n\n\n\n<li><strong>Grei\u00f0slu\u00fej\u00f3nustua\u00f0ilar.&nbsp;<\/strong>&nbsp;Til \u00feess a\u00f0 \u00fe\u00fa getir greitt \u00ed gegnum grei\u00f0sluvettvang sendir Start &amp; Power LCC .. nau\u00f0synlegar uppl\u00fdsingar til \u00feessara grei\u00f0slumi\u00f0lara til a\u00f0 undirb\u00faa samsvarandi grei\u00f0slubei\u00f0ni. Uppl\u00fdsingar \u00fe\u00ednar eru vernda\u00f0ar \u00ed samr\u00e6mi vi\u00f0 pers\u00f3nuverndar- og vafrak\u00f6kustefnu okkar.<\/li>\n<\/ul>\n\n\n\n<p>Me\u00f0 \u00fev\u00ed a\u00f0 virkja \u00e1skrift e\u00f0a gefa upp grei\u00f0sluuppl\u00fdsingar \u00fe\u00ednar skilur \u00fe\u00fa og sam\u00feykkir pers\u00f3nuverndarstefnu okkar og stefnu um vafrak\u00f6kur. \u00de\u00fa hefur alltaf r\u00e9tt til a\u00f0 f\u00e1 a\u00f0gang a\u00f0, lei\u00f0r\u00e9tta, ey\u00f0a, takmarka, flytja og gleyma g\u00f6gnum \u00fe\u00ednum. Fr\u00e1 \u00feeirri stundu sem \u00fe\u00fa skr\u00e1ir \u00feig sem notandi \u00e1 \u00feessari s\u00ed\u00f0u hefur Start &amp; Power LCC a\u00f0gang a\u00f0: Notandanafni og netfangi, IP-t\u00f6lu, p\u00f3stfangi, au\u00f0kenni\/CIF og grei\u00f0sluuppl\u00fdsingum. \u00cd \u00f6llum tilvikum \u00e1skilur Start &amp; Power LCC s\u00e9r r\u00e9tt til a\u00f0 breyta hven\u00e6r sem er og \u00e1n fyrirvara, en \u00e1n tilkynningar, framsetningu og stillingu vefs\u00ed\u00f0unnar sugardaddynordic.com \u00ed samr\u00e6mi vi\u00f0 \u00feessa lagalegu tilkynningu.<\/p>\n\n\n\n<h3 class=\"wp-block-heading\">Skuldbindingar og skyldur gagnvart notendum okkar<\/h3>\n\n\n\n<p>A\u00f0gangur a\u00f0 og\/e\u00f0a notkun \u00e1 sugardaddyportugal.pt veitir \u00feeim sem notar \u00fea\u00f0 st\u00f6\u00f0u notanda sem sam\u00feykkir fr\u00e1 og me\u00f0 \u00feessari stundu, a\u00f0 fullu og \u00e1n fyrirvara, \u00feessa lagalegu tilkynningu var\u00f0andi tiltekna \u00fej\u00f3nustu og efni \u00e1 sugardaddynordic.com \u00fej\u00f3nustunni. Notandinn skuldbindur sig til a\u00f0 framkv\u00e6ma ekki neinar a\u00f0ger\u00f0ir sem g\u00e6tu ska\u00f0a\u00f0 \u00edmynd, hagsmuni og r\u00e9ttindi Start &amp; Power LCC. e\u00f0a \u00feri\u00f0ja a\u00f0ila e\u00f0a sem g\u00e6tu ska\u00f0a\u00f0, gert \u00f3virkan e\u00f0a ofhla\u00f0i\u00f0 sugardaddynordic.com vefg\u00e1ttina e\u00f0a sem \u00e1 nokkurn h\u00e1tt kemur \u00ed veg fyrir e\u00f0lilega notkun \u00e1 sugardaddynordic.com s\u00ed\u00f0unni.<\/p>\n\n\n\n<h2 class=\"wp-block-heading\" id=\"politica_de_cookies\">Vafrak\u00f6kustefna<\/h2>\n\n\n\n<h3 class=\"wp-block-heading\">Hva\u00f0 er sm\u00e1kaka?<\/h3>\n\n\n\n<p>Sm\u00e1kakan er&nbsp;&nbsp;&nbsp;<strong>ska\u00f0laus<\/strong>&nbsp;Skr\u00e1 sem er s\u00f3tt \u00e1 t\u00f6lvuna \u00fe\u00edna \u00feegar \u00fe\u00fa opnar \u00e1kve\u00f0nar vefs\u00ed\u00f0ur. Vafrak\u00f6kur gera vefs\u00ed\u00f0u m.a. kleift a\u00f0 geyma og s\u00e6kja uppl\u00fdsingar um vafravenjur notandans e\u00f0a t\u00e6ki hans og uppl\u00fdsingarnar sem \u00fe\u00e6r innihalda, allt eftir \u00fev\u00ed hvernig \u00feeir nota t\u00e6kin s\u00edn. \u00deannig eru til vafrak\u00f6kur sem safna uppl\u00fdsingum um fj\u00f6lda s\u00ed\u00f0na sem heims\u00f3ttar eru, borgina sem IP-talan er \u00fathluta\u00f0 til, fj\u00f6lda n\u00fdrra notenda, t\u00ed\u00f0ni og t\u00ed\u00f0ni heims\u00f3kna, lengd heims\u00f3knarinnar, vafrann, rekstrara\u00f0ilann e\u00f0a ger\u00f0 fart\u00f6lva sem heims\u00f3knin er ger\u00f0 fr\u00e1.<\/p>\n\n\n\n<h3 class=\"wp-block-heading\">Hva\u00f0 er EKKI&nbsp;&nbsp;&nbsp;<em>sm\u00e1kaka<\/em>&nbsp;&nbsp;?<\/h3>\n\n\n\n<p>\u00deetta er ekki v\u00edrus, ekki Tr\u00f3juhestur, ekki ormur, ekki ruslp\u00f3stur, ekki nj\u00f3snaforrit og \u00fea\u00f0 opnar ekki sprettiglugga.<\/p>\n\n\n\n<h3 class=\"wp-block-heading\">Hva\u00f0a uppl\u00fdsingar&nbsp;&nbsp;<em>sm\u00e1kaka<\/em>&nbsp;&nbsp;vista?<\/h3>\n\n\n\n<p>Vafrak\u00f6kur geyma almennt ekki vi\u00f0kv\u00e6mar uppl\u00fdsingar um \u00feig, svo sem uppl\u00fdsingar um kreditkort e\u00f0a bankareikning, myndir, au\u00f0kenni \u00feitt e\u00f0a pers\u00f3nuuppl\u00fdsingar.&nbsp;<em>.&nbsp;<\/em>Uppl\u00fdsingarnar sem \u00feeir geyma eru t\u00e6knilegar a\u00f0 e\u00f0lisfari, pers\u00f3nulegar \u00f3skir, s\u00e9rstillingar efnis o.s.frv. Vef\u00fej\u00f3nninn tengir \u00feig ekki sem einstakling, heldur vi\u00f0 vafrann \u00feinn. Reyndar, ef \u00fe\u00fa vafrar reglulega um Internet Explorer og reynir a\u00f0 sko\u00f0a s\u00f6mu vefs\u00ed\u00f0una me\u00f0 Firefox e\u00f0a Chrome, munt \u00fe\u00fa taka eftir \u00fev\u00ed a\u00f0 vefs\u00ed\u00f0an skilur ekki a\u00f0 \u00fe\u00fa ert sama einstaklingurinn, \u00fev\u00ed h\u00fan tengir \u00ed raun vafrann, ekki einstaklinginn.<\/p>\n\n\n\n<h3 class=\"wp-block-heading\">Hva\u00f0 gerist ef \u00e9g ey\u00f0i&nbsp;&nbsp;&nbsp;<em>sm\u00e1k\u00f6kur<\/em>&nbsp;nota?<\/h3>\n\n\n\n<p>Svo a\u00f0 \u00fe\u00fa skiljir&nbsp;&nbsp;<em>sm\u00e1k\u00f6kur<\/em>&nbsp;umfang ey\u00f0ingarinnar, vi\u00f0 munum s\u00fdna \u00fe\u00e9r nokkur d\u00e6mi:<\/p>\n\n\n\n<ul class=\"wp-block-list\">\n<li>\u00de\u00fa m\u00e1tt ekki deila efni \u00feessarar vefs\u00ed\u00f0u \u00e1 Facebook, Twitter e\u00f0a \u00f6\u00f0rum samf\u00e9lagsmi\u00f0lum.<\/li>\n\n\n\n<li>Vefs\u00ed\u00f0an getur ekki a\u00f0laga\u00f0 efni a\u00f0 \u00fe\u00ednum pers\u00f3nulegu \u00f3skum, eins og oft er raunin me\u00f0 netverslanir.<\/li>\n\n\n\n<li>\u00de\u00fa getur ekki nota\u00f0 pers\u00f3nulegt l\u00e9n \u00feitt, eins og&nbsp;&nbsp;&nbsp;<em>Reikningurinn minn<\/em>&nbsp;&nbsp;,&nbsp;&nbsp;&nbsp;<em>Pr\u00f3f\u00edllinn minn<\/em>&nbsp;&nbsp;&nbsp;e\u00f0a&nbsp;&nbsp;&nbsp;<em>Pantanir m\u00ednar<\/em>&nbsp;&nbsp;.<\/li>\n\n\n\n<li>Netverslanir: \u00dea\u00f0 er \u00f3m\u00f6gulegt a\u00f0 kaupa v\u00f6rur \u00e1 netinu, \u00fe\u00e6r ver\u00f0a a\u00f0 vera ger\u00f0ar \u00ed s\u00edma e\u00f0a me\u00f0 \u00fev\u00ed a\u00f0 heims\u00e6kja hef\u00f0bundna verslun, ef h\u00fan er til sta\u00f0ar.<\/li>\n\n\n\n<li>\u00de\u00fa getur ekki breytt landfr\u00e6\u00f0ilegum stillingum \u00fe\u00ednum, svo sem t\u00edmabelti, gjaldmi\u00f0li e\u00f0a tungum\u00e1li.<\/li>\n\n\n\n<li>Vefs\u00ed\u00f0an getur ekki framkv\u00e6mt vefgreiningar \u00e1 gestum og vefumfer\u00f0, sem gerir hana erfi\u00f0a \u00ed samkeppni \u00e1 netinu.<\/li>\n\n\n\n<li>\u00de\u00fa getur ekki blogga\u00f0, hla\u00f0i\u00f0 inn myndum, skrifa\u00f0 athugasemdir, gefi\u00f0 einkunn e\u00f0a skrifa\u00f0 umsagnir um efni. Neti\u00f0 getur heldur ekki greint hvort \u00fe\u00fa ert manneskja e\u00f0a hvort \u00fe\u00fa birtir sj\u00e1lfvirkt forrit.&nbsp;&nbsp;&nbsp;<em>ruslp\u00f3stur<\/em>&nbsp;&nbsp;.<\/li>\n\n\n\n<li>Ekki er h\u00e6gt a\u00f0 birta augl\u00fdsingar \u00ed mismunandi atvinnugreinum, sem dregur \u00far tekjum af augl\u00fdsingum \u00e1 netinu.<\/li>\n\n\n\n<li>\u00d6ll samf\u00e9lagsmi\u00f0lar nota&nbsp;&nbsp;&nbsp;<em>sm\u00e1k\u00f6kur<\/em>&nbsp;&nbsp;Ef \u00fe\u00fa gerir \u00feau \u00f3virk munt \u00fe\u00fa ekki geta nota\u00f0 nein samf\u00e9lagsmi\u00f0la.<\/li>\n<\/ul>\n\n\n\n<h3 class=\"wp-block-heading\">Hva\u00f0a tegundir af sm\u00e1k\u00f6kum eru til?<\/h3>\n\n\n\n<ol class=\"wp-block-list\">\n<li>Tegundir vafrak\u00f6ku, allt eftir \u00fev\u00ed hva\u00f0a a\u00f0ili stj\u00f3rnar t\u00f6lvunni e\u00f0a l\u00e9ninu sem vafrak\u00f6kurnar eru sendar fr\u00e1 og vinnur \u00far uppl\u00fdsingunum sem berast, getum vi\u00f0 greint \u00e1 milli:<\/li>\n<\/ol>\n\n\n\n<ul class=\"wp-block-list\">\n<li>Nau\u00f0synlegar vafrak\u00f6kur: eru \u00fe\u00e6r sem eru sendar \u00e1 endat\u00e6ki notandans fr\u00e1 t\u00f6lvu e\u00f0a l\u00e9ni sem \u00fatgefandinn sj\u00e1lfur stj\u00f3rnar, \u00fea\u00f0an sem \u00fej\u00f3nustan sem notandinn \u00f3skar eftir er veitt.<\/li>\n\n\n\n<li>Vafrak\u00f6kur fr\u00e1 \u00feri\u00f0ja a\u00f0ila: eru \u00fe\u00e6r sem eru sendar \u00e1 endat\u00e6ki notandans fr\u00e1 t\u00f6lvu e\u00f0a l\u00e9ni sem er ekki stj\u00f3rna\u00f0 af \u00fatgefandanum, heldur af \u00f6\u00f0rum a\u00f0ila sem vinnur \u00far uppl\u00fdsingunum sem fengnar eru \u00ed gegnum vafrak\u00f6kurnar.<\/li>\n<\/ul>\n\n\n\n<p>Ef vafrak\u00f6kur eru settar upp \u00far t\u00f6lvu e\u00f0a l\u00e9ni sem \u00fatgefandinn sj\u00e1lfur stj\u00f3rnar, en uppl\u00fdsingarnar sem safna\u00f0 er \u00ed gegnum \u00fe\u00e6r eru undir stj\u00f3rn \u00feri\u00f0ja a\u00f0ila, geta \u00fe\u00e6r ekki talist vafrak\u00f6kur fr\u00e1 fyrsta a\u00f0ila.<\/p>\n\n\n\n<h3 class=\"wp-block-heading\">Vefur&nbsp;&nbsp;&nbsp;<em>Vitjar<\/em><\/h3>\n\n\n\n<p>\u00deessi vefs\u00ed\u00f0a g\u00e6ti einnig h\u00fdst&nbsp;&nbsp;&nbsp;<em>vefvitjar<\/em>&nbsp;&nbsp;&nbsp;(einnig \u00feekkt sem&nbsp;&nbsp;&nbsp;<em>netvillur<\/em>&nbsp;&nbsp;Vefvitar eru yfirleitt litlar pixlamyndir, s\u00fdnilegar e\u00f0a \u00f3s\u00fdnilegar, sem eru innbygg\u00f0ar \u00ed frumk\u00f3\u00f0a vefs\u00ed\u00f0na vefs\u00ed\u00f0u.&nbsp;<em>.&nbsp;<\/em>Vefvitar eru nota\u00f0ir og reknir \u00e1 sama h\u00e1tt og&nbsp;<em>sm\u00e1k\u00f6kur&nbsp;<\/em><em>.&nbsp;<\/em>A\u00f0 auki&nbsp;&nbsp;&nbsp;<em>vefvitjar<\/em>&nbsp;&nbsp;&nbsp;oft nota\u00f0 til a\u00f0 m\u00e6la umfer\u00f0 notenda sem heims\u00e6kja vefs\u00ed\u00f0u og til a\u00f0 geta fengi\u00f0 l\u00edkan af notendum vefs\u00ed\u00f0unnar. \u00de\u00fa hefur frekari uppl\u00fdsingar&nbsp;&nbsp;&nbsp;<em>m\u00e6lingar \u00e1 netinu<\/em>&nbsp;&nbsp;&nbsp;\u00e1:&nbsp;&nbsp;&nbsp;<a href=\"http:\/\/es.wikipedia.org\/wiki\/Web_bug\" target=\"_blank\" rel=\"noreferrer noopener\">Wikipedia<\/a><em><\/em><em><\/em><em><\/em><a href=\"http:\/\/es.wikipedia.org\/wiki\/Web_bug\" target=\"_blank\" rel=\"noreferrer noopener\"><\/a><\/p>\n\n\n\n<h3 class=\"wp-block-heading\">Vafrak\u00f6kur fr\u00e1 \u00feri\u00f0ja a\u00f0ila<\/h3>\n\n\n\n<p>\u00cd sumum tilfellum deilum vi\u00f0 uppl\u00fdsingum um gesti \u00feessarar vefs\u00ed\u00f0u nafnlaust e\u00f0a \u00e1samt \u00feri\u00f0ja a\u00f0ila eins og augl\u00fdsendum, styrktara\u00f0ilum e\u00f0a endursko\u00f0endum eing\u00f6ngu \u00ed \u00feeim tilgangi a\u00f0 b\u00e6ta \u00fej\u00f3nustu okkar. \u00d6ll sl\u00edk vinnsla er stj\u00f3rna\u00f0 \u00ed samr\u00e6mi vi\u00f0 \u00e1kv\u00e6\u00f0i laga og \u00f6ll r\u00e9ttindi \u00fe\u00edn var\u00f0andi gagnavernd eru virt \u00ed samr\u00e6mi vi\u00f0 gildandi regluger\u00f0ir. \u00deessi vefs\u00ed\u00f0a m\u00e6lir umfer\u00f0 me\u00f0 \u00fev\u00ed a\u00f0 nota \u00fdmsar lausnir sem kunna a\u00f0 nota...&nbsp;&nbsp;&nbsp;<em>sm\u00e1k\u00f6kur<\/em>&nbsp;&nbsp;&nbsp;e\u00f0a&nbsp;&nbsp;&nbsp;<em>ummerki<\/em>&nbsp;&nbsp;&nbsp;til a\u00f0 greina hva\u00f0 er a\u00f0 gerast \u00e1 vefs\u00ed\u00f0u okkar. Vi\u00f0 notum n\u00fa eftirfarandi lausnir til a\u00f0 m\u00e6la umfer\u00f0 \u00e1 \u00feessa vefs\u00ed\u00f0u. \u00de\u00fa getur fundi\u00f0 frekari uppl\u00fdsingar \u00ed pers\u00f3nuverndarstefnu hverrar lausnar sem notu\u00f0 er \u00ed \u00feessu skyni:<\/p>\n\n\n\n<ul class=\"wp-block-list\">\n<li><a href=\"http:\/\/www.google.com\/intl\/es\/policies\/privacy\/partners\/\" target=\"_blank\" rel=\"noreferrer noopener\">Hvernig Google notar uppl\u00fdsingarnar sem \u00fea\u00f0 safnar \u00e1 vefs\u00ed\u00f0um<\/a><\/li>\n\n\n\n<li>Google (Greiningar):\u00a0\u00a0\u00a0<a href=\"https:\/\/policies.google.com\/?hl=es\" target=\"_blank\" rel=\"noreferrer noopener\">Pers\u00f3nuverndarstefna Google Analytics<\/a>\u00a0\u00a0\u00a0(\u00a0\u00a0<em>\u00de\u00fa getur af\u00feakka\u00f0 m\u00e6lingar fr\u00e1 Google Analytics ef \u00fe\u00fa vilt&nbsp;&nbsp;&nbsp;<a href=\"https:\/\/tools.google.com\/dlpage\/gaoptout\" target=\"_blank\" rel=\"noreferrer noopener\">\u00feessi vi\u00f0b\u00f3t vi\u00f0 vafra fr\u00e1 Google<\/a><\/em>\u00a0\u00ed gegnum)\n<ul class=\"wp-block-list\">\n<li>Vafrak\u00f6kur fr\u00e1 Amazon, Chaturbate og \u00f6\u00f0rum samstarfsforritum: \u00deetta eru vafrak\u00f6kur sem eru settar \u00e1 t\u00f6lvuna \u00fe\u00edna til a\u00f0 l\u00e1ta samstarfsforrit vita a\u00f0 \u00fe\u00fa hafir veri\u00f0 v\u00edsa\u00f0 \u00e1fram af \u00feessari vefs\u00ed\u00f0u.<\/li>\n<\/ul>\n<\/li>\n<\/ul>\n\n\n\n<p>\u00deessi s\u00ed\u00f0a kann einnig a\u00f0 h\u00fdsa s\u00ednar eigin augl\u00fdsingar, tengd fyrirt\u00e6ki e\u00f0a augl\u00fdsinganet. \u00deessar augl\u00fdsingar eru birtar af augl\u00fdsinga\u00fej\u00f3num sem einnig nota&nbsp;&nbsp;&nbsp;<em>sm\u00e1k\u00f6kur<\/em>&nbsp;&nbsp;&nbsp;til a\u00f0 birta notendum vi\u00f0eigandi augl\u00fdsingaefni. Hver \u00feessara augl\u00fdsinga\u00fej\u00f3na hefur s\u00edna eigin pers\u00f3nuverndarstefnu sem h\u00e6gt er a\u00f0 sko\u00f0a \u00e1 vi\u00f0komandi vefs\u00ed\u00f0um \u00feeirra.<\/p>\n\n\n\n<h3 class=\"wp-block-heading\">Hva\u00f0a tegundir af vafrak\u00f6kum eru nota\u00f0ar \u00e1 \u00feessari vefs\u00ed\u00f0u?<\/h3>\n\n\n\n<p>\u00deegar \u00fe\u00fa notar vefs\u00ed\u00f0una sugardaddynordic.com l\u00e1tum vi\u00f0 \u00feig vita a\u00f0 ef \u00fe\u00fa heldur \u00e1fram a\u00f0 vafra ver\u00f0a nokkrar eigin vafrak\u00f6kur og vafrak\u00f6kur fr\u00e1 \u00feri\u00f0ja a\u00f0ila settar upp sem samsvara vefgreiningar (t.d. Google Analytics e\u00f0a svipu\u00f0um t\u00f3lum) sem hj\u00e1lpa vefs\u00ed\u00f0unni a\u00f0 greina notkun vefs\u00ed\u00f0unnar og b\u00e6ta notagildi hennar, en \u00fe\u00e6r tengjast \u00e1 engan h\u00e1tt uppl\u00fdsingum sem g\u00e6tu bori\u00f0 kennsl \u00e1 \u00feig. Uppl\u00fdsingarnar sem \u00fe\u00e6r geyma eru t\u00e6knilegar, pers\u00f3nulegar \u00f3skir, pers\u00f3nugerving efnis o.s.frv. Vef\u00fej\u00f3nninn tengir \u00feig ekki sem einstakling, heldur vi\u00f0 vafrann \u00feinn. \u00deessi vefs\u00ed\u00f0a notar eigin vafrak\u00f6kur og vafrak\u00f6kur fr\u00e1 \u00feri\u00f0ja a\u00f0ila til a\u00f0 tryggja betri vafraupplifun, \u00fe\u00fa getur deilt efni \u00e1 samf\u00e9lagsmi\u00f0lum, skili\u00f0 eftir athugasemdir og fengi\u00f0 t\u00f6lfr\u00e6\u00f0iuppl\u00fdsingar um notendur okkar. Sem notandi getur \u00fe\u00fa hafna\u00f0 vinnslu gagna e\u00f0a uppl\u00fdsinga \u00feinna me\u00f0 \u00fev\u00ed a\u00f0 loka fyrir \u00feessar vafrak\u00f6kur \u00ed gegnum vi\u00f0eigandi stillingar vafrans \u00fe\u00edns. Hins vegar \u00e6ttir \u00fe\u00fa a\u00f0 vera me\u00f0vita\u00f0ur um a\u00f0 ef \u00fe\u00fa gerir \u00fea\u00f0 g\u00e6ti \u00feessi vefs\u00ed\u00f0a ekki virka\u00f0 r\u00e9tt. \u00dev\u00ed er mikilv\u00e6gt a\u00f0 \u00fe\u00fa lesir \u00feessa vafrak\u00f6kustefnu og skiljir a\u00f0 ef \u00fe\u00fa heldur \u00e1fram a\u00f0 vafra munum vi\u00f0 l\u00edta svo \u00e1 a\u00f0 \u00fe\u00fa sam\u00feykkir notkun hennar. \u00de\u00fa getur breytt stillingum vafrans \u00fe\u00edns til a\u00f0 l\u00e1ta \u00feig vita \u00feegar vafrak\u00f6kur berast \u00e1 t\u00e6ki\u00f0 \u00feitt, e\u00f0a sl\u00f6kkt \u00e1 \u00feeim ef \u00fe\u00fa vilt geyma \u00feessar vafrak\u00f6kur \u00e1 t\u00e6kinu \u00fe\u00ednu. Eftirfarandi tafla inniheldur, a\u00f0eins sem d\u00e6mi, helstu vafrak\u00f6kur sem nota\u00f0ar eru \u00e1 \u00feessari s\u00ed\u00f0u, svo og hvort \u00fe\u00e6r eru okkar eigin e\u00f0a fr\u00e1 \u00feri\u00f0ja a\u00f0ila (og au\u00f0kenni \u00feri\u00f0ja a\u00f0ilans sem samningurinn hefur veri\u00f0 ger\u00f0ur vi\u00f0 e\u00f0a \u00fej\u00f3nustu hans hefur veri\u00f0 vali\u00f0 a\u00f0 nota) og tilgang \u00feeirra.<\/p>\n\n\n\n<figure class=\"wp-block-table\"><table><tbody><tr><td>Sm\u00e1k\u00f6kurnar m\u00ednar<\/td><\/tr><tr><td>Sm\u00e1k\u00f6kur<\/td><td>Menntun (*)<\/td><td>Tilgangur<\/td><\/tr><tr><td>Algj\u00f6rlega nau\u00f0synlegt<\/td><td>WordPress C. Inntak notanda C. Notendaau\u00f0kenning e\u00f0a lotuau\u00f0kenning C. \u00d6ryggi notenda C. Vi\u00f0b\u00f3t til a\u00f0 deila og skiptast \u00e1 samf\u00e9lagsmi\u00f0lum (Facebook og Twitter).<\/td><td>Tilgangur \u00feeirra er a\u00f0 veita \u00fej\u00f3nustu e\u00f0a muna stillingar sem b\u00e6ta vafraupplifun \u00fe\u00edna \u00e1 vefs\u00ed\u00f0u okkar.<\/td><\/tr><\/tbody><\/table><\/figure>\n\n\n\n<figure class=\"wp-block-table\"><table><tbody><tr><td>Vafrak\u00f6kur fr\u00e1 \u00feri\u00f0ja a\u00f0ila eru nau\u00f0synlegar til a\u00f0 vefs\u00ed\u00f0an virki.<\/td><td>&nbsp;<\/td><\/tr><tr><td>Sm\u00e1k\u00f6kur<\/td><td>Menntun (*)<\/td><td>Tilgangur<\/td><td>&nbsp;<\/td><\/tr><tr><td>Greiningar \u2013 Google Analytics,<\/td><td>Fj\u00f6ldi heims\u00f3kna, sko\u00f0a\u00f0ar s\u00ed\u00f0ur e\u00f0a hluta, vafrat\u00edmi, vefs\u00ed\u00f0ur sem heims\u00f3ttar voru \u00e1\u00f0ur en \u00feessi s\u00ed\u00f0a kom, uppl\u00fdsingar um vafra sem nota\u00f0ir voru<\/td><td>T\u00f6lfr\u00e6\u00f0ilegar sk\u00fdrslur um vefumfer\u00f0, heildar\u00e1horfendur \u00fe\u00edna og \u00e1horfendur tiltekinnar augl\u00fdsingaherfer\u00f0ar<\/td><td>&nbsp;<\/td><\/tr><tr><td>&nbsp;<\/td><\/tr><tr><td>Vafrak\u00f6kur fr\u00e1 Amazon og \u00f6\u00f0rum samstarfsa\u00f0ilum<\/td><td>\u00deeir l\u00e1ta Amazon e\u00f0a tengd fyrirt\u00e6ki \u00feess vita a\u00f0 notandinn hafi komi\u00f0 af \u00feessari s\u00ed\u00f0u \u00e1 \u00fe\u00edna.<\/td><td>L\u00e1ti\u00f0 tengdars\u00ed\u00f0una vita a\u00f0 notandinn hafi komi\u00f0 fr\u00e1 \u00feessari s\u00ed\u00f0u til a\u00f0 f\u00e1 grei\u00f0slu \u00fe\u00f3knunar s\u00ed\u00f0ar.<\/td><td>&nbsp;<\/td><\/tr><tr><td>&nbsp;<\/td><\/tr><tr><td>heg\u00f0unaraugl\u00fdsingar<\/td><td>&nbsp;Um f\u00e9lagslega \u00fe\u00e1ttt\u00f6ku og notendat\u00f6ktun.<\/td><td>Megintilgangur vafrak\u00f6kna \u00feessa vef\u00fej\u00f3nustua\u00f0ila er: Stj\u00f3rnun\/augl\u00fdsingar<\/td><td>&nbsp;<\/td><\/tr><\/tbody><\/table><\/figure>\n\n\n\n<p>Vafrak\u00f6kur sem tengjast samf\u00e9lagsmi\u00f0lum sem \u00feessi vefs\u00ed\u00f0a notar hafa einnig s\u00ednar eigin stefnur var\u00f0andi vafrak\u00f6kur.<\/p>\n\n\n\n<ul class=\"wp-block-list\">\n<li><a href=\"https:\/\/twitter.com\/privacy\" target=\"_blank\" rel=\"noreferrer noopener\">Twitter-vafrak\u00f6kur, pers\u00f3nuverndarstefna \u00feeirra og notkun vafrak\u00f6ku<\/a>&nbsp;\u00ed samr\u00e6mi vi\u00f0 regluger\u00f0irnar.<\/li>\n\n\n\n<li><a href=\"https:\/\/www.facebook.com\/help\/cookies?ref_type=sitefooter\" target=\"_blank\" rel=\"noreferrer noopener\">Facebook-vafrak\u00f6kur, vafrak\u00f6kustefna \u00feeirra<\/a>&nbsp;samkv\u00e6mt skilm\u00e1lum og skilyr\u00f0um&nbsp;&nbsp;<a href=\"https:\/\/www.facebook.com\/help\/cookies?ref_type=sitefooter\" target=\"_blank\" rel=\"noreferrer noopener\"><\/a><\/li>\n\n\n\n<li><a href=\"http:\/\/www.google.com\/intl\/es\/policies\/technologies\/types\/\" target=\"_blank\" rel=\"noreferrer noopener\">Vafrak\u00f6kutegundir Google+ og Google Maps sem vefs\u00ed\u00f0ur \u00feeirra nota<\/a>&nbsp;\u00ed samr\u00e6mi vi\u00f0 \u00e1kv\u00e6\u00f0in&nbsp;&nbsp;<a href=\"http:\/\/www.google.com\/intl\/es\/policies\/technologies\/types\/\" target=\"_blank\" rel=\"noreferrer noopener\"><\/a><\/li>\n\n\n\n<li><a href=\"https:\/\/about.pinterest.com\/es\/privacy-policy\" target=\"_blank\" rel=\"noreferrer noopener\">Pers\u00f3nuverndarstefna Pinterest-vafrak\u00f6ku og notkun vafrak\u00f6ku<\/a>&nbsp;\u00ed samr\u00e6mi vi\u00f0&nbsp;&nbsp;<a href=\"https:\/\/about.pinterest.com\/es\/privacy-policy\" target=\"_blank\" rel=\"noreferrer noopener\"><\/a><\/li>\n\n\n\n<li><a href=\"http:\/\/automattic.com\/privacy\/\" target=\"_blank\" rel=\"noreferrer noopener\">Vafrak\u00f6kur Gravatar, pers\u00f3nuverndarstefna Automattic<\/a>&nbsp;\u00ed samr\u00e6mi vi\u00f0 .<\/li>\n<\/ul>\n\n\n\n<h3 class=\"wp-block-heading\">Hvernig&nbsp;&nbsp;<em>sm\u00e1k\u00f6kur<\/em>&nbsp;&nbsp;stj\u00f3rna\u00f0?<\/h3>\n\n\n\n<p>\u00dear sem vafrak\u00f6kur eru l\u00e1tlausar textaskr\u00e1r er h\u00e6gt a\u00f0 sko\u00f0a \u00fe\u00e6r me\u00f0 flestum textaritlum e\u00f0a ritvinnsluforritum. \u00de\u00fa getur opna\u00f0 vafrak\u00f6ku me\u00f0 \u00fev\u00ed a\u00f0 smella \u00e1 hana. H\u00e9r a\u00f0 ne\u00f0an er listi yfir tengla sem hj\u00e1lpa \u00fe\u00e9r a\u00f0 sko\u00f0a vafrak\u00f6kur \u00ed mismunandi v\u00f6frum. Ef \u00fe\u00fa ert a\u00f0 nota annan vafra skaltu athuga uppl\u00fdsingar um vafrak\u00f6kur \u00ed vafranum sj\u00e1lfum. Ef \u00fe\u00fa ert a\u00f0 nota fars\u00edma skaltu sko\u00f0a notendahandb\u00f3k t\u00e6kisins til a\u00f0 f\u00e1 frekari uppl\u00fdsingar.<\/p>\n\n\n\n<ul class=\"wp-block-list\">\n<li>Firefox:&nbsp;&nbsp;&nbsp;<a href=\"https:\/\/support.mozilla.org\/en-US\/kb\/cookies-information-websites-store-on-your-computer\" target=\"_blank\" rel=\"noreferrer noopener\">https:\/\/support.mozilla.org\/en-US\/kb\/cookies-information-websites-store-on-your-computer<\/a><\/li>\n\n\n\n<li>Kr\u00f3m:&nbsp;&nbsp;&nbsp;<a href=\"https:\/\/support.google.com\/chrome\/bin\/answer.py?hl=en&amp;answer=95647&amp;topic=14666&amp;ctx=topic\" target=\"_blank\" rel=\"noreferrer noopener\">https:\/\/support.google.com\/chrome\/bin\/answer.py?hl=fi&amp;answer=95647&amp;topic=14666&amp;ctx=topic<\/a><\/li>\n\n\n\n<li>Internet Explorer 8-10:&nbsp;&nbsp;&nbsp;<a href=\"http:\/\/windows.microsoft.com\/en-US\/internet-explorer\/delete-manage-cookies\" target=\"_blank\" rel=\"noreferrer noopener\">http:\/\/windows.microsoft.com\/en-US\/internet-explorer\/delete-manage-cookies<\/a><\/li>\n\n\n\n<li>Safar\u00ed:&nbsp;&nbsp;&nbsp;<a href=\"http:\/\/support.apple.com\/kb\/ph5042\" target=\"_blank\" rel=\"noreferrer noopener\">http:\/\/support.apple.com\/kb\/ph5042<\/a><\/li>\n\n\n\n<li>\u00d3pera:&nbsp;&nbsp;&nbsp;<a href=\"http:\/\/help.opera.com\/Windows\/12.00\/es-ES\/cookies.html\" target=\"_blank\" rel=\"noreferrer noopener\">http:\/\/help.opera.com\/Windows\/12.00\/es-ES\/cookies.html<\/a><\/li>\n<\/ul>\n\n\n\n<h3 class=\"wp-block-heading\" id=\"navegadores\">&nbsp;&nbsp;Vins\u00e6last&nbsp;<em>vafrar<\/em>&nbsp;stillingar fyrir vafrak\u00f6kur&nbsp;&nbsp;<\/h3>\n\n\n\n<p>Sj\u00e1\u00f0u hvernig \u00e1 a\u00f0 f\u00e1 a\u00f0gang a\u00f0 tilteknum&nbsp;<em>sm\u00e1k\u00f6kur&nbsp;<\/em><strong>Kr\u00f3m<\/strong>&nbsp;&nbsp;&nbsp;\u00ed vafranum \u00fe\u00ednum. Athugi\u00f0: \u00deessi skref geta veri\u00f0 mismunandi eftir \u00fatg\u00e1fu vafrans:<\/p>\n\n\n\n<ol class=\"wp-block-list\">\n<li>Far\u00f0u \u00ed Stillingar e\u00f0a Valkostir \u00far Skr\u00e1arvalmyndinni e\u00f0a me\u00f0 \u00fev\u00ed a\u00f0 smella \u00e1 s\u00e9rstillingart\u00e1kni\u00f0 sem birtist \u00ed efra h\u00e6gra horninu.<\/li>\n\n\n\n<li>\u00de\u00fa munt sj\u00e1 mismunandi hluta, smelltu \u00e1&nbsp;&nbsp;&nbsp;<em>S\u00fdna \u00edtarlegar stillingar<\/em>&nbsp;valkostur.<\/li>\n\n\n\n<li>Fara \u00e1&nbsp;&nbsp;&nbsp;<em>Pers\u00f3nuvernd<\/em>&nbsp;&nbsp;,&nbsp;&nbsp;&nbsp;<em>Stillingar efnis<\/em>&nbsp;&nbsp;.<\/li>\n\n\n\n<li>Veldu&nbsp;&nbsp;&nbsp;<em>Allar vafrak\u00f6kur og vefg\u00f6gn<\/em>&nbsp;&nbsp;.<\/li>\n\n\n\n<li>Listi mun birtast me\u00f0 \u00f6llum tenglum ra\u00f0a\u00f0 eftir l\u00e9nsheiti.&nbsp;<em>sm\u00e1k\u00f6kur.&nbsp;<\/em><em>Sm\u00e1k\u00f6kur<\/em>&nbsp;Til a\u00f0 au\u00f0velda a\u00f0 finna tilteki\u00f0 l\u00e9n skaltu sl\u00e1 inn hluta e\u00f0a allt heimilisfangi\u00f0.&nbsp;&nbsp;&nbsp;<em>Leita a\u00f0 sm\u00e1k\u00f6kum<\/em>&nbsp;akur.<\/li>\n\n\n\n<li>&nbsp;&nbsp;Eftir a\u00f0 \u00feessi s\u00eda hefur veri\u00f0 keyr\u00f0 birtast ein e\u00f0a fleiri ra\u00f0ir \u00e1 skj\u00e1num sem innihalda&nbsp;&nbsp;<em>vafrak\u00f6kur af vefs\u00ed\u00f0unni sem \u00f3ska\u00f0 er eftir.&nbsp;<\/em>N\u00fa er bara a\u00f0 velja \u00fea\u00f0 og \u00fdta \u00e1&nbsp;&nbsp;&nbsp;<em>X<\/em>&nbsp;&nbsp;&nbsp;til a\u00f0 halda \u00e1fram a\u00f0 ey\u00f0a \u00fev\u00ed.<\/li>\n<\/ol>\n\n\n\n<p><strong>A\u00f0gangur a\u00f0 Internet Explorer<\/strong>&nbsp;&nbsp;-stillingar fyrir vafrak\u00f6kur me\u00f0 \u00fev\u00ed a\u00f0 fylgja \u00feessum lei\u00f0beiningum (&nbsp;<em>\u00d3<\/em>&nbsp;&nbsp;mismunandi eftir \u00fatg\u00e1fu vafrans):<strong><\/strong><\/p>\n\n\n\n<ol class=\"wp-block-list\">\n<li>Fara \u00e1&nbsp;&nbsp;&nbsp;<em>Verkf\u00e6ri<\/em>&nbsp;&nbsp;,&nbsp;&nbsp;&nbsp;<em>Stillingar fyrir interneti\u00f0<\/em><\/li>\n\n\n\n<li>Smelltu&nbsp;&nbsp;&nbsp;<em>Gagnavernd<\/em>&nbsp;&nbsp;.<\/li>\n\n\n\n<li>F\u00e6r\u00f0u rennistikuna til a\u00f0 stilla \u00e6skilegt fri\u00f0helgisstig.<\/li>\n<\/ol>\n\n\n\n<p><strong>A\u00f0gangur a\u00f0 Firefox<\/strong>&nbsp;&nbsp;- stillingar fyrir vafrak\u00f6kur me\u00f0 \u00fev\u00ed a\u00f0 fylgja \u00feessum lei\u00f0beiningum (\u00fe\u00fa getur&nbsp;<em>breytilegt<\/em>&nbsp;&nbsp;eftir \u00fatg\u00e1fu vafrans):<strong><\/strong><\/p>\n\n\n\n<ol class=\"wp-block-list\">\n<li>Fara \u00e1&nbsp;&nbsp;&nbsp;<em>Stillingar<\/em>&nbsp;&nbsp;&nbsp;e\u00f0a&nbsp;&nbsp;&nbsp;<em>Stillingar<\/em>&nbsp;&nbsp;&nbsp;eftir \u00fev\u00ed hva\u00f0a st\u00fdrikerfi \u00fe\u00fa notar.<\/li>\n\n\n\n<li>Smelltu&nbsp;&nbsp;&nbsp;<em>Gagnavernd<\/em>&nbsp;&nbsp;.<\/li>\n\n\n\n<li>&nbsp;&nbsp;Veldu&nbsp;&nbsp;&nbsp;<em>Saga-<\/em>&nbsp;fr\u00e1 punktinum&nbsp;&nbsp;&nbsp;<em>Nota s\u00e9rsni\u00f0nar s\u00f6gustillingar<\/em>&nbsp;&nbsp;.<\/li>\n\n\n\n<li><em>N\u00fa munt \u00fe\u00fa sj\u00e1 Sam\u00feykkja sm\u00e1k\u00f6kur<\/em>&nbsp;valkost, \u00fe\u00fa getur virkja\u00f0 hann e\u00f0a sl\u00f6kkt \u00e1 honum a\u00f0 vild.<\/li>\n<\/ol>\n\n\n\n<p>&nbsp;A\u00f0gangur a\u00f0 vafrak\u00f6kustillingum Safari vafrans&nbsp;&nbsp;<strong>OSX:&nbsp;<\/strong><em>fyrir<\/em>&nbsp;&nbsp;&nbsp;sem h\u00e9r segir (getur veri\u00f0 mismunandi eftir \u00fatg\u00e1fu vafra):<strong><\/strong><\/p>\n\n\n\n<ol class=\"wp-block-list\">\n<li>Fara \u00e1&nbsp;&nbsp;&nbsp;<em>Stillingar og<\/em>&nbsp;&nbsp;\u00fe\u00e1&nbsp;&nbsp;&nbsp;<em>Gagnavernd<\/em>&nbsp;&nbsp;.<\/li>\n\n\n\n<li>H\u00e9r m\u00e1 sj\u00e1&nbsp;&nbsp;&nbsp;<em>Loka fyrir sm\u00e1k\u00f6kur<\/em>&nbsp;valkostur til a\u00f0 stilla \u00fe\u00e1 tegund blokkunar sem \u00fe\u00fa vilt framkv\u00e6ma.<\/li>\n<\/ol>\n\n\n\n<p><strong>A\u00f0gangur a\u00f0 iOS Safari<\/strong>&nbsp;&nbsp;- stillingar fyrir vafrak\u00f6kur me\u00f0 \u00fev\u00ed a\u00f0 fylgja \u00feessum lei\u00f0beiningum (\u00fe\u00fa getur&nbsp;<em>breytilegt<\/em>&nbsp;&nbsp;&nbsp;eftir \u00fatg\u00e1fu vafrans):<strong><\/strong><\/p>\n\n\n\n<ol class=\"wp-block-list\">\n<li>Fara \u00e1&nbsp;&nbsp;&nbsp;<em>Stillingar og<\/em>&nbsp;&nbsp;\u00fe\u00e1&nbsp;&nbsp;&nbsp;<em>Safar\u00ed<\/em>&nbsp;&nbsp;.<\/li>\n\n\n\n<li>Fara \u00e1&nbsp;&nbsp;&nbsp;<em>Pers\u00f3nuvernd og \u00f6ryggi<\/em>&nbsp;&nbsp;, \u00fe\u00fa s\u00e9r\u00f0&nbsp;&nbsp;&nbsp;<em>Loka fyrir sm\u00e1k\u00f6kur<\/em>&nbsp;valkostur til a\u00f0 stilla \u00fe\u00e1 tegund blokkunar sem \u00fe\u00fa vilt framkv\u00e6ma.<\/li>\n<\/ol>\n\n\n\n<p><strong>\u00de\u00fa getur nota\u00f0 Android&nbsp;<\/strong><em>\u2013<\/em>&nbsp;Stillingar fyrir vafrak\u00f6kur \u00ed vafra t\u00e6kja eru sem h\u00e9r segir (getur veri\u00f0 mismunandi eftir \u00fatg\u00e1fu vafra):<strong><\/strong><\/p>\n\n\n\n<ol class=\"wp-block-list\">\n<li>R\u00e6stu vafrann og \u00fdttu \u00e1&nbsp;&nbsp;<em>Matse\u00f0ill-<\/em>&nbsp;lykill og svo&nbsp;&nbsp;&nbsp;<em>Stillingar<\/em>&nbsp;&nbsp;.<\/li>\n\n\n\n<li>Fara \u00e1&nbsp;&nbsp;&nbsp;<em>\u00d6ryggi og fri\u00f0helgi einkal\u00edfs<\/em>&nbsp;&nbsp;, \u00fe\u00fa s\u00e9r\u00f0&nbsp;&nbsp;&nbsp;<em>Sam\u00feykkja vafrak\u00f6kur<\/em>&nbsp;valkostur til a\u00f0 virkja e\u00f0a sl\u00f6kkva \u00e1 fl\u00edsinni.<\/li>\n<\/ol>\n\n\n\n<p><strong>\u00de\u00fa getur nota\u00f0 Windows Phone<\/strong>&nbsp;Vafrak\u00f6kustillingar fyrir t\u00e6ki eins og h\u00e9r segir (&nbsp;<em>\u00feau<\/em>&nbsp;&nbsp;getur veri\u00f0 mismunandi eftir \u00fatg\u00e1fu vafrans):<strong><\/strong><\/p>\n\n\n\n<ol class=\"wp-block-list\">\n<li>Opi\u00f0&nbsp;&nbsp;&nbsp;<em>Internet Explorer<\/em>&nbsp;&nbsp;, \u00fe\u00e1&nbsp;&nbsp;&nbsp;<em>Meira<\/em>&nbsp;&nbsp;og svo&nbsp;&nbsp;&nbsp;<em>Stillingar<\/em><\/li>\n\n\n\n<li>\u00de\u00fa getur n\u00fa virkja\u00f0 e\u00f0a sl\u00f6kkt \u00e1&nbsp;&nbsp;&nbsp;<em>Leyfa sm\u00e1k\u00f6kur<\/em>&nbsp;-kassi.<\/li>\n<\/ol>\n\n\n\n<h3 class=\"wp-block-heading\">Vi\u00f0b\u00f3tar athugasemdir<\/h3>\n\n\n\n<ul class=\"wp-block-list\">\n<li><em>\u00deessi vefs\u00ed\u00f0a e\u00f0a l\u00f6ga\u00f0ilar hennar bera ekki \u00e1byrg\u00f0 \u00e1 \u00feessari stefnu um notkun vafrak\u00f6ku.<\/em>&nbsp;efni e\u00f0a sannleiksgildi pers\u00f3nuverndarstefnu vi\u00f0komandi \u00feri\u00f0ja a\u00f0ila.<\/li>\n\n\n\n<li>Vefvafrar eru verkf\u00e6ri sem breg\u00f0ast vi\u00f0&nbsp;&nbsp;&nbsp;<em>sm\u00e1k\u00f6kur<\/em>&nbsp;fr\u00e1 geymslu og h\u00e9\u00f0an \u00ed fr\u00e1 ver\u00f0ur \u00fe\u00fa a\u00f0 n\u00fdta r\u00e9tt \u00feinn til a\u00f0 ey\u00f0a \u00feeim e\u00f0a gera \u00fe\u00e6r \u00f3virkar. \u00deessi vefs\u00ed\u00f0a e\u00f0a l\u00f6ga\u00f0ilar hennar geta ekki \u00e1byrgst a\u00f0 umr\u00e6ddir vafrar muni vinna \u00far \u00feeim r\u00e9tt e\u00f0a rangt.&nbsp;&nbsp;&nbsp;<em>sm\u00e1k\u00f6kur.<\/em><\/li>\n\n\n\n<li><em>\u00cd sumum tilfellum, sm\u00e1k\u00f6kur<\/em>&nbsp;\u00dea\u00f0 er nau\u00f0synlegt a\u00f0 setja \u00feau upp svo a\u00f0 vafrinn gleymi ekki \u00e1kv\u00f6r\u00f0un \u00feinni um a\u00f0 sam\u00feykkja \u00feau ekki.<\/li>\n\n\n\n<li>&nbsp;Google Analytics&nbsp;&nbsp;&nbsp;<em>-sm\u00e1k\u00f6kur<\/em>&nbsp;\u00ed \u00feessu tilfelli skr\u00e1ir \u00feetta fyrirt\u00e6ki&nbsp;<em>sm\u00e1k\u00f6kur<\/em>&nbsp;&nbsp;&nbsp;\u00e1 net\u00fej\u00f3na sem sta\u00f0settir eru \u00ed Bandar\u00edkjunum og skuldbindur sig til a\u00f0 deila \u00feeim ekki me\u00f0 \u00feri\u00f0ja a\u00f0ila, nema \u00ed \u00feeim tilvikum \u00fear sem \u00fea\u00f0 er nau\u00f0synlegt fyrir rekstur kerfisins e\u00f0a \u00feegar l\u00f6g kve\u00f0a \u00e1 um \u00fea\u00f0. Samkv\u00e6mt Google geymir \u00fea\u00f0 ekki IP-t\u00f6lu \u00fe\u00edna. Google Inc. er fyrirt\u00e6ki sem fylgir Safe Harbor-samningnum, sem tryggir a\u00f0 \u00f6ll flutt g\u00f6gn s\u00e9u me\u00f0h\u00f6ndlu\u00f0 me\u00f0 verndarstigi \u00ed samr\u00e6mi vi\u00f0 evr\u00f3pskar regluger\u00f0ir.<\/li>\n\n\n\n<li>Ef \u00fe\u00fa hefur einhverjar spurningar um \u00feetta&nbsp;&nbsp;<em>vafrak\u00f6kustefna<\/em>&nbsp;&nbsp;, ekki hika vi\u00f0 a\u00f0 hafa samband vi\u00f0 okkur \u00ed gegnum Haf\u00f0u samband vi\u00f0 okkur hlutann.<\/li>\n<\/ul>\n\n\n\n<h2 class=\"wp-block-heading\">L\u00d6GLEGA \u00c1BYRG\u00d0 \u00c1 INNIHALDI<\/h2>\n\n\n\n<h3 class=\"wp-block-heading\">Hugverkar\u00e9ttindi<\/h3>\n\n\n\n<p>\u00deessir almennu skilm\u00e1lar veita ekki nein hugverkar\u00e9ttindi e\u00f0a i\u00f0na\u00f0arr\u00e9ttindi \u00e1 vefs\u00ed\u00f0unni sugardaddynordic.com e\u00f0a neinum hluta hennar. Notandi b\u00f6nnu\u00f0 ekki a\u00f0 afrita, breyta, dreifa, mi\u00f0la til almennings, gera a\u00f0gengilegan almenningi, afrita, endurn\u00fdta, senda e\u00f0a nota neitt af \u00feessu \u00e1 nokkurn h\u00e1tt e\u00f0a me\u00f0 hva\u00f0a h\u00e6tti sem er, nema \u00ed \u00feeim tilvikum \u00fear sem \u00fea\u00f0 er l\u00f6glega heimila\u00f0 e\u00f0a heimila\u00f0 af handhafa samsvarandi r\u00e9ttinda. Notandinn veit og sam\u00feykkir a\u00f0 \u00f6ll vefs\u00ed\u00f0an, \u00fear me\u00f0 tali\u00f0 en ekki takmarka\u00f0 vi\u00f0 texta, einkaskilabo\u00f0, myndir, l\u00edk\u00f6n, hugb\u00fana\u00f0, efni (\u00fear me\u00f0 tali\u00f0 uppbyggingu \u00feeirra, val, fyrirkomulag og framsetning), hlj\u00f3\u00f0- og myndefni, er vari\u00f0 af v\u00f6rumerkjum, h\u00f6fundarr\u00e9tti og \u00f6\u00f0rum l\u00f6glegum skr\u00e1\u00f0um r\u00e9ttindum. Ef notandinn e\u00f0a \u00feri\u00f0ji a\u00f0ili telur a\u00f0 l\u00f6gleg hugverkar\u00e9ttindi hans hafi veri\u00f0 brotin vegna kynningar \u00e1 \u00e1kve\u00f0nu efni \u00e1 vefs\u00ed\u00f0unni sugardaddynordic.com, ver\u00f0ur hann a\u00f0 tilkynna Start &amp; Power LCC um \u00feetta. gefur til kynna:<\/p>\n\n\n\n<ul class=\"wp-block-list\">\n<li>Pers\u00f3nuuppl\u00fdsingar um \u00feann a\u00f0ila sem meint er a\u00f0 r\u00e9ttindi hans s\u00e9u brotin, e\u00f0a tilgreini\u00f0 hverjir eru fulltr\u00faar hans, ef kv\u00f6rtunin er borin fram af \u00f6\u00f0rum en vi\u00f0komandi a\u00f0ila.<\/li>\n<\/ul>\n\n\n\n<p>Tilkynni\u00f0 um efni sem er vari\u00f0 af hugverkar\u00e9ttindum og sta\u00f0setningu \u00feess \u00e1 sugardaddynordic.com, vottun umr\u00e6ddra hugverkar\u00e9ttinda og sk\u00fdra yfirl\u00fdsingu um a\u00f0 vi\u00f0komandi beri \u00e1byrg\u00f0 \u00e1 n\u00e1kv\u00e6mni uppl\u00fdsinganna sem gefnar eru upp \u00ed tilkynningunni.<\/p>\n\n\n\n<h3 class=\"wp-block-heading\">Reglur og lausn \u00e1greiningsm\u00e1la<\/h3>\n\n\n\n<p>\u00deessi lagalega tilkynning er ekki kynnt hverjum notanda s\u00e9rstaklega, heldur er h\u00fan a\u00f0gengileg \u00e1 netinu \u00e1 sugardaddynordic.com. A\u00f0 \u00fev\u00ed tilskildu a\u00f0 notandinn s\u00e9 ekki neytandi e\u00f0a notandi, og nema regla s\u00e9 um hi\u00f0 gagnst\u00e6\u00f0a, sam\u00feykkja a\u00f0ilar a\u00f0 fara eftir kr\u00f6fum d\u00f3mst\u00f3la og \u00e1fr\u00fdjunarnefnda Bandar\u00edkjanna, \u00fear sem \u00feetta er sta\u00f0urinn \u00fear sem samningurinn er framfylgt og \u00fej\u00f3nustan er b\u00fain til, og afsala s\u00e9r s\u00e9rstaklega \u00f6llum \u00f6\u00f0rum l\u00f6gs\u00f6gum sem samsvara \u00fev\u00ed.<\/p>\n\n\n\n<h2 class=\"wp-block-heading\">\u00deA\u00d0 SEM VI\u00d0 V\u00c6NUMST FR\u00c1 NOTENDUM<\/h2>\n\n\n\n<p>A\u00f0gangur a\u00f0 og\/e\u00f0a notkun \u00e1 sugardaddyportugal.pt af \u00feeim sem gegna st\u00f6\u00f0u notanda og sam\u00feykkja h\u00e9\u00f0an \u00ed fr\u00e1 a\u00f0 fullu og \u00e1n fyrirvara \u00feessa lagalegu tilkynningu og s\u00e9rst\u00f6ku skilyr\u00f0i sem, eftir \u00fev\u00ed sem vi\u00f0 \u00e1, b\u00e6ta henni vi\u00f0 fyrir tiltekna \u00fej\u00f3nustu og efni \u00e1 sugardaddynordic.com. Notandinn er uppl\u00fdstur um og sam\u00feykkir a\u00f0 a\u00f0gangur a\u00f0 vefs\u00ed\u00f0unni sugardaddynordic.com felur \u00e1 engan h\u00e1tt \u00ed s\u00e9r upphaf vi\u00f0skiptasambands vi\u00f0 Start &amp; Power LCC. Me\u00f0 \u00feessum h\u00e6tti skuldbindur notandinn sig til a\u00f0 nota vefs\u00ed\u00f0una, \u00fej\u00f3nustu hennar og efni \u00e1n \u00feess a\u00f0 brj\u00f3ta gegn gildandi l\u00f6gum, \u00ed g\u00f3\u00f0ri tr\u00fa og \u00ed samr\u00e6mi vi\u00f0 allsherjarreglu. Notkun vefs\u00ed\u00f0unnar \u00ed \u00f3l\u00f6glegum e\u00f0a ska\u00f0legum tilgangi er b\u00f6nnu\u00f0 e\u00f0a getur \u00e1 nokkurn h\u00e1tt valdi\u00f0 tj\u00f3ni e\u00f0a trufla\u00f0 e\u00f0lilega starfsemi vefs\u00ed\u00f0unnar.<\/p>\n\n\n\n<ul class=\"wp-block-list\">\n<li>Fj\u00f6lf\u00f6ldun, dreifing e\u00f0a breyting \u00e1 \u00fev\u00ed a\u00f0 hluta e\u00f0a \u00ed heild, nema l\u00f6glegir eigendur \u00feess hafi heimila\u00f0 \u00fea\u00f0.<\/li>\n\n\n\n<li>Brot \u00e1 r\u00e9ttindum \u00fej\u00f3nustuveitanda e\u00f0a l\u00f6ghafa.<\/li>\n\n\n\n<li>Notkun \u00feess \u00ed vi\u00f0skiptalegum e\u00f0a kynningarlegum tilgangi.<\/li>\n<\/ul>\n\n\n\n<h3 class=\"wp-block-heading\">Utana\u00f0komandi tenglar<\/h3>\n\n\n\n<p>S\u00ed\u00f0ur vefs\u00ed\u00f0unnar sugardaddyportugal.pt innihalda tengla \u00e1 a\u00f0rar vefs\u00ed\u00f0ur og efni sem eru eign \u00feri\u00f0ja a\u00f0ila, framlei\u00f0enda e\u00f0a birgja. Eini tilgangur tenglanna er a\u00f0 veita notandanum m\u00f6guleika \u00e1 a\u00f0 nota \u00e1\u00f0urnefnda tengla og f\u00e1 uppl\u00fdsingar um v\u00f6rur okkar, \u00fear \u00e1 me\u00f0al Start &amp; Power LCC. \u00dea\u00f0 ber ekki undir neinum kringumst\u00e6\u00f0um \u00e1byrg\u00f0 \u00e1 \u00feeim ni\u00f0urst\u00f6\u00f0um sem notandinn kann a\u00f0 f\u00e1 \u00ed gegnum \u00e1\u00f0urnefnda tengla. Notandi sem hyggst koma \u00e1 t\u00e6knilegum tengli fr\u00e1 vefs\u00ed\u00f0u sinni \u00e1 sugardaddynordic.com g\u00e1ttina ver\u00f0ur a\u00f0 f\u00e1 skriflegt leyfi fr\u00e1 Start &amp; Power LCC fyrirfram. Stofnun tengils felur ekki \u00e1 nokkurn h\u00e1tt \u00ed s\u00e9r nein tengsl milli Start &amp; Power LCC og eiganda vefs\u00ed\u00f0unnar sem tengillinn er settur \u00e1, n\u00e9 sam\u00feykkir Start &amp; Power LCC efni hennar e\u00f0a \u00fej\u00f3nustu. Ef \u00fe\u00fa opnar utana\u00f0komandi vefs\u00ed\u00f0u fr\u00e1 tengli sem finnst \u00e1 sugardaddynordic.com, \u00e6ttir \u00fe\u00fa a\u00f0 lesa pers\u00f3nuverndarstefnu hinnar vefs\u00ed\u00f0unnar, \u00fear sem h\u00fan getur veri\u00f0 fr\u00e1brug\u00f0in pers\u00f3nuverndarstefnu sugardaddynordic.com.<\/p>\n\n\n\n<h3 class=\"wp-block-heading\">Endurmarka\u00f0ssetning<\/h3>\n\n\n\n<p><a href=\"https:\/\/support.google.com\/adwords\/answer\/1752338\" target=\"_blank\" rel=\"noreferrer noopener\">A\u00f0 nota endurmarka\u00f0ssetningu AdWords e\u00f0a svipa\u00f0an eiginleika<\/a>&nbsp;&nbsp;Vi\u00f0 getum n\u00e1\u00f0 til f\u00f3lks sem hefur \u00feegar heims\u00f3tt vefs\u00ed\u00f0u okkar og a\u00f0sto\u00f0a\u00f0 \u00fea\u00f0 vi\u00f0 a\u00f0 lj\u00faka s\u00f6luferlinu&nbsp;&nbsp;<a href=\"https:\/\/support.google.com\/adwords\/answer\/1752338\" target=\"_blank\" rel=\"noreferrer noopener\">.&nbsp;<\/a>Sem notandi, \u00feegar \u00fe\u00fa kemur \u00e1 vefs\u00ed\u00f0u okkar, munum vi\u00f0 setja endurmarka\u00f0ssetningark\u00f6ku (\u00feetta g\u00e6ti veri\u00f0 fr\u00e1 Google AdWords, Criteo e\u00f0a \u00f6\u00f0rum \u00fej\u00f3nustum sem bj\u00f3\u00f0a upp \u00e1 endurmarka\u00f0ssetningu).<a href=\"https:\/\/support.google.com\/adwords\/answer\/1752338\" target=\"_blank\" rel=\"noreferrer noopener\"><\/a><\/p>\n\n\n\n<ul class=\"wp-block-list\">\n<li>\u00deessi vafrakaka geymir uppl\u00fdsingar um gesti, svo sem hva\u00f0a v\u00f6rur \u00feeir hafa sko\u00f0a\u00f0 e\u00f0a hvort \u00feeir hafa yfirgefi\u00f0 innkaupak\u00f6rfuna.<\/li>\n\n\n\n<li>\u00deegar gestur yfirgefur vefs\u00ed\u00f0u okkar er endurmarka\u00f0ssetningark\u00f6ku geymd \u00ed vafranum hans.<\/li>\n<\/ul>\n\n\n\n<h3 class=\"wp-block-heading\">A\u00f0rir notkunarskilm\u00e1lar fyrir \u00feessa s\u00ed\u00f0u<\/h3>\n\n\n\n<p>Notandinn skuldbindur sig til a\u00f0 nota vefs\u00ed\u00f0una og \u00fej\u00f3nustuna sem \u00fear er \u00ed bo\u00f0i af kostg\u00e6fni. \u00c1 sama h\u00e1tt skuldbindur hann sig, nema skriflegt leyfi hafi veri\u00f0 fengi\u00f0 fr\u00e1 Start &amp; Power LCC, til a\u00f0 nota uppl\u00fdsingarnar \u00e1 vefs\u00ed\u00f0unni eing\u00f6ngu \u00ed uppl\u00fdsingaskyni og m\u00e1 ekki n\u00fdta beint e\u00f0a \u00f3beint efni\u00f0 sem \u00fe\u00fa hefur a\u00f0gang a\u00f0 \u00ed vi\u00f0skiptalegum tilgangi. \u00deessi vefs\u00ed\u00f0a heldur utan um gagnasafn uppl\u00fdsinga sem tengjast athugasemdum sem sendar eru \u00e1 \u00feessa vefs\u00ed\u00f0u. \u00de\u00fa getur n\u00fdtt \u00fe\u00e9r r\u00e9tt \u00feinn til a\u00f0gangs, lei\u00f0r\u00e9ttingar, afturk\u00f6llunar e\u00f0a andm\u00e6la me\u00f0 \u00fev\u00ed a\u00f0 senda t\u00f6lvup\u00f3st \u00e1 info@startandpower.com. \u00deessi vefs\u00ed\u00f0a, l\u00e9nin sem tengjast henni og eignarhald \u00e1 efninu tilheyra Start &amp; Power LCC.<\/p>\n\n\n\n<p>\u00deessi s\u00ed\u00f0a inniheldur tengla sem v\u00edsa \u00e1 a\u00f0rar s\u00ed\u00f0ur sem \u00feri\u00f0ju a\u00f0ilar utan okkar fyrirt\u00e6kis stj\u00f3rna. Start &amp; Power LCC. \u00e1byrgist ekki og ber ekki \u00e1byrg\u00f0 \u00e1 efni sem safna\u00f0 er \u00e1 sl\u00edkum vefs\u00ed\u00f0um. Nema a\u00f0 fyrir liggi skriflegt leyfi fr\u00e1 Start &amp; Power LCC, er afritun efnis \u00feessarar s\u00ed\u00f0u e\u00f0a hluta \u00feess stranglega b\u00f6nnu\u00f0, nema til einkanota, umbreytinga og almennrar annarrar n\u00fdtingar me\u00f0 hva\u00f0a h\u00e6tti sem er. \u00dea\u00f0 er stranglega banna\u00f0 \u00e1n fyrirfram sam\u00feykkis Start &amp; Power LCC. a\u00f0 me\u00f0h\u00f6ndla e\u00f0a breyta \u00feessari vefs\u00ed\u00f0u. \u00dear af lei\u00f0andi ber Start &amp; Power LCC. enga \u00e1byrg\u00f0 \u00e1 \u00fev\u00ed sem lei\u00f0ir e\u00f0a kann a\u00f0 lei\u00f0a af sl\u00edkum breytingum e\u00f0a me\u00f0fer\u00f0um sem \u00feri\u00f0ju a\u00f0ilar framkv\u00e6ma.<\/p>\n\n\n\n<h3 class=\"wp-block-heading\">Undan\u00fe\u00e1ga \u00e1byrg\u00f0ar og \u00e1byrg\u00f0ar<\/h3>\n\n\n\n<p>Start &amp; Power LCC veitir enga \u00e1byrg\u00f0 og ber enga \u00e1byrg\u00f0 \u00e1 tj\u00f3ni sem kann a\u00f0 hlj\u00f3tast af eftirfarandi \u00e1st\u00e6\u00f0um:<\/p>\n\n\n\n<ul class=\"wp-block-list\">\n<li>Skortur \u00e1 a\u00f0gengi, vi\u00f0haldi og skilvirkri rekstri vefs\u00ed\u00f0unnar e\u00f0a \u00fej\u00f3nustu hennar og efnis;<\/li>\n\n\n\n<li>Tilvist v\u00edrusa, illgjarnra e\u00f0a ska\u00f0legra forrita \u00ed efninu;<\/li>\n\n\n\n<li>\u00d3l\u00f6gleg, g\u00e1leysisleg, sviksamleg e\u00f0a notkun \u00ed andst\u00f6\u00f0u vi\u00f0 \u00feessa lagalegu tilkynningu;<\/li>\n\n\n\n<li>Skortur \u00e1 l\u00f6gm\u00e6ti, g\u00e6\u00f0um, \u00e1rei\u00f0anleika, notagildi og frambo\u00f0i \u00fej\u00f3nustu sem \u00feri\u00f0ju a\u00f0ilar veita og ger\u00f0ar eru a\u00f0gengilegar notendum \u00e1 vefs\u00ed\u00f0unni.<\/li>\n<\/ul>\n\n\n\n<p>R\u00e6sa og r\u00e6sa LCC. \u00dea\u00f0 ber ekki \u00e1byrg\u00f0 undir neinum kringumst\u00e6\u00f0um \u00e1 tj\u00f3ni sem kann a\u00f0 hlj\u00f3tast af \u00f3l\u00f6glegri e\u00f0a \u00f3vi\u00f0eigandi notkun \u00feessarar vefs\u00ed\u00f0u.<\/p>\n\n\n\n<h3 class=\"wp-block-heading\">Gildandi l\u00f6g og l\u00f6gsaga<\/h3>\n\n\n\n<p>Almennt s\u00e9\u00f0 eru samskipti Start &amp; Power LCC vi\u00f0 notendur fjarskipta\u00fej\u00f3nustu sinna \u00e1 \u00feessari vefs\u00ed\u00f0u h\u00e1\u00f0 l\u00f6gum og l\u00f6gs\u00f6gu Bandar\u00edkjanna.<\/p>\n\n\n\n<h3 class=\"wp-block-heading\">Vi\u00f0 erum alltaf til taks: Tengili\u00f0auppl\u00fdsingar okkar<\/h3>\n\n\n\n<p>Ef einhver notandi hefur einhverjar spurningar um \u00feessi lagalegu skilm\u00e1la e\u00f0a athugasemdir var\u00f0andi sugardaddynordic.com vefg\u00e1ttina, vinsamlegast fari\u00f0 \u00e1 info@startandpower.com<\/p>\n\n\n\n<p>Pers\u00f3nuverndarstefna okkar l\u00fdsir \u00fev\u00ed hvernig vi\u00f0 s\u00f6fnum, geymum e\u00f0a notum uppl\u00fdsingar sem vi\u00f0 s\u00f6fnum \u00ed gegnum \u00fdmsar \u00fej\u00f3nustur e\u00f0a s\u00ed\u00f0ur sem eru a\u00f0gengilegar \u00e1 \u00feessari vefs\u00ed\u00f0u. \u00dea\u00f0 er mikilv\u00e6gt a\u00f0 \u00fe\u00fa skiljir hva\u00f0a uppl\u00fdsingar vi\u00f0 s\u00f6fnum og hvernig vi\u00f0 notum \u00fe\u00e6r, \u00fear sem a\u00f0gangur a\u00f0 \u00feessari vefs\u00ed\u00f0u krefst \u00feess a\u00f0 \u00fe\u00fa sam\u00feykkir pers\u00f3nuverndarstefnu okkar.<\/p>\n\n\n\n<h3 class=\"wp-block-heading\">Sam\u00feykki og sam\u00feykki<\/h3>\n\n\n\n<p>Notandinn sta\u00f0festir a\u00f0 hann\/h\u00fan s\u00e9\/s\u00ed me\u00f0vita\u00f0ur um skilm\u00e1la pers\u00f3nuverndar, sam\u00feykkir og sty\u00f0ji vinnslu gagna af h\u00e1lfu Start &amp; Power LCC \u00e1 \u00feann h\u00e1tt og \u00ed \u00feeim tilgangi sem fram kemur \u00ed \u00feessari pers\u00f3nuverndarstefnu.<\/p>\n\n\n\n<h3 class=\"wp-block-heading\">Fyrirt\u00e6kjat\u00f6lvup\u00f3star<\/h3>\n\n\n\n<p>\u00cd samr\u00e6mi vi\u00f0 gildandi l\u00f6g notar Start &amp; Power LCC ekki ruslp\u00f3stsstefnu og sendir \u00fev\u00ed ekki augl\u00fdsingat\u00f6lvup\u00f3st sem notandinn hefur ekki \u00e1\u00f0ur \u00f3ska\u00f0 eftir e\u00f0a heimila\u00f0. \u00deess vegna sam\u00feykkir \u00fe\u00fa, Start &amp; Power LCC, a\u00f0 senda ekki sj\u00e1lfvirkan e\u00f0a \u00f3vi\u00f0eigandi augl\u00fdsingat\u00f6lvup\u00f3st.<\/p>","protected":false},"excerpt":{"rendered":"<p>SugarDaddySuomin&nbsp;omistaja&nbsp;&nbsp;&nbsp;on: HENKIL\u00d6TIETOJEN SUOJAUS Hoidosta vastuussa Tietosuojavastaava:&nbsp;&nbsp;Vastaa Start &amp; Power LCC:n suojaamisesta.&nbsp;ota yhteytt\u00e4 s\u00e4hk\u00f6postitse info@startandpower.com KANSAINV\u00c4LISET TIEDOT Sugardaddyportugal.pt kuuluu blogien ja sosiaalisten verkostojen verkostoon, jonka omistaa Start &amp; Power LCC ja joka tarjoaa palveluita maailmanlaajuisesti.&nbsp;Sijaitsemme Yhdysvalloissa ja ker\u00e4\u00e4mi\u00e4mme tietoja s\u00e4\u00e4telev\u00e4t Yhdysvaltojen lait.&nbsp;K\u00e4ytt\u00e4m\u00e4ll\u00e4 tai k\u00e4ytt\u00e4m\u00e4ll\u00e4 hakupalveluita tai antamalla meille tietoja hyv\u00e4ksyt tietojen k\u00e4sittelyn, siirron ja tallentamisen Yhdysvalloissa &#8230; <a title=\"Pers\u00f3nuverndarstefna\" class=\"read-more\" href=\"https:\/\/sugardaddynordic.com\/is\/tietosuojakaytanto-2\/\" aria-label=\"Read more about Tietosuojak\u00e4yt\u00e4nt\u00f6\">Lesa meira<\/a><\/p>","protected":false},"author":1,"featured_media":0,"parent":0,"menu_order":0,"comment_status":"closed","ping_status":"closed","template":"","meta":{"generate_page_header":"","footnotes":""},"class_list":{"0":"post-5998","1":"page","2":"type-page","3":"status-publish","5":"infinite-scroll-item"},"featured_image_urls":{"full":"","thumbnail":"","medium":"","medium_large":"","large":"","1536x1536":"","2048x2048":"","trp-custom-language-flag":"","crp_thumbnail":""},"post_excerpt_stackable":"<p>SugarDaddySuomin&nbsp;omistaja&nbsp;&nbsp;&nbsp;on: Nimi: Start &amp; Power LCC Osoite: 2815 Directors Row ste 100 office 906 Orlando, FL 32809 S\u00e4hk\u00f6posti: info@startandpower.com Sivuston tarkoitus: treffit ja bloggaus HENKIL\u00d6TIETOJEN SUOJAUS Hoidosta vastuussa Tietosuojavastaava:&nbsp;&nbsp;Vastaa Start &amp; Power LCC:n suojaamisesta.&nbsp;ota yhteytt\u00e4 s\u00e4hk\u00f6postitse info@startandpower.com KANSAINV\u00c4LISET TIEDOT Sugardaddyportugal.pt kuuluu blogien ja sosiaalisten verkostojen verkostoon, jonka omistaa Start &amp; Power LCC ja joka tarjoaa palveluita maailmanlaajuisesti.&nbsp;Sijaitsemme Yhdysvalloissa ja ker\u00e4\u00e4mi\u00e4mme tietoja s\u00e4\u00e4telev\u00e4t Yhdysvaltojen lait.&nbsp;K\u00e4ytt\u00e4m\u00e4ll\u00e4 tai k\u00e4ytt\u00e4m\u00e4ll\u00e4 hakupalveluita tai antamalla meille tietoja hyv\u00e4ksyt tietojen k\u00e4sittelyn, siirron ja tallentamisen Yhdysvalloissa ja muissa maissa, joissa sinulla ei ehk\u00e4 ole samoja oikeuksia kuin sinulla on paikallisen lain mukaan. TIETOSUOJAOIKEUKSESI Kuinka k\u00e4ytt\u00e4\u00e4 oikeuksiasi:&nbsp;&nbsp;&nbsp;Voit l\u00e4hett\u00e4\u00e4 kirjallisen&hellip;<\/p>\n","category_list":"","author_info":{"name":"Stj\u00f3rnandi SugarDaddy \u00ed Finnlandi","url":"https:\/\/sugardaddynordic.com\/is\/author\/poweb\/"},"comments_num":"0 comments","featured_image_urls_v2":{"full":"","thumbnail":"","medium":"","medium_large":"","large":"","1536x1536":"","2048x2048":"","trp-custom-language-flag":"","crp_thumbnail":""},"post_excerpt_stackable_v2":"<p>SugarDaddySuomin&nbsp;omistaja&nbsp;&nbsp;&nbsp;on: Nimi: Start &amp; Power LCC Osoite: 2815 Directors Row ste 100 office 906 Orlando, FL 32809 S\u00e4hk\u00f6posti: info@startandpower.com Sivuston tarkoitus: treffit ja bloggaus HENKIL\u00d6TIETOJEN SUOJAUS Hoidosta vastuussa Tietosuojavastaava:&nbsp;&nbsp;Vastaa Start &amp; Power LCC:n suojaamisesta.&nbsp;ota yhteytt\u00e4 s\u00e4hk\u00f6postitse info@startandpower.com KANSAINV\u00c4LISET TIEDOT Sugardaddyportugal.pt kuuluu blogien ja sosiaalisten verkostojen verkostoon, jonka omistaa Start &amp; Power LCC ja joka tarjoaa palveluita maailmanlaajuisesti.&nbsp;Sijaitsemme Yhdysvalloissa ja ker\u00e4\u00e4mi\u00e4mme tietoja s\u00e4\u00e4telev\u00e4t Yhdysvaltojen lait.&nbsp;K\u00e4ytt\u00e4m\u00e4ll\u00e4 tai k\u00e4ytt\u00e4m\u00e4ll\u00e4 hakupalveluita tai antamalla meille tietoja hyv\u00e4ksyt tietojen k\u00e4sittelyn, siirron ja tallentamisen Yhdysvalloissa ja muissa maissa, joissa sinulla ei ehk\u00e4 ole samoja oikeuksia kuin sinulla on paikallisen lain mukaan. TIETOSUOJAOIKEUKSESI Kuinka k\u00e4ytt\u00e4\u00e4 oikeuksiasi:&nbsp;&nbsp;&nbsp;Voit l\u00e4hett\u00e4\u00e4 kirjallisen&hellip;<\/p>\n","category_list_v2":"","author_info_v2":{"name":"Stj\u00f3rnandi SugarDaddy \u00ed Finnlandi","url":"https:\/\/sugardaddynordic.com\/is\/author\/poweb\/"},"comments_num_v2":"0 comments","yoast_head":"<!-- This site is optimized with the Yoast SEO Premium plugin v26.0 (Yoast SEO v27.3) - https:\/\/yoast.com\/product\/yoast-seo-premium-wordpress\/ -->\n<title>Tietosuojak\u00e4yt\u00e4nt\u00f6<\/title>\n<meta name=\"robots\" content=\"noindex, follow\" \/>\n<meta property=\"og:locale\" content=\"is_IS\" \/>\n<meta property=\"og:type\" content=\"article\" \/>\n<meta property=\"og:title\" content=\"Tietosuojak\u00e4yt\u00e4nt\u00f6\" \/>\n<meta property=\"og:description\" content=\"SugarDaddySuomin&nbsp;omistaja&nbsp;&nbsp;&nbsp;on: HENKIL\u00d6TIETOJEN SUOJAUS Hoidosta vastuussa Tietosuojavastaava:&nbsp;&nbsp;Vastaa Start &amp; Power LCC:n suojaamisesta.&nbsp;ota yhteytt\u00e4 s\u00e4hk\u00f6postitse info@startandpower.com KANSAINV\u00c4LISET TIEDOT Sugardaddyportugal.pt kuuluu blogien ja sosiaalisten verkostojen verkostoon, jonka omistaa Start &amp; Power LCC ja joka tarjoaa palveluita maailmanlaajuisesti.&nbsp;Sijaitsemme Yhdysvalloissa ja ker\u00e4\u00e4mi\u00e4mme tietoja s\u00e4\u00e4telev\u00e4t Yhdysvaltojen lait.&nbsp;K\u00e4ytt\u00e4m\u00e4ll\u00e4 tai k\u00e4ytt\u00e4m\u00e4ll\u00e4 hakupalveluita tai antamalla meille tietoja hyv\u00e4ksyt tietojen k\u00e4sittelyn, siirron ja tallentamisen Yhdysvalloissa ... Read more\" \/>\n<meta property=\"og:url\" content=\"https:\/\/sugardaddynordic.com\/is\/personuverndarstefna-2\/\" \/>\n<meta property=\"og:site_name\" content=\"Sugar Daddy Nordic \u00ae\" \/>\n<meta property=\"og:image\" content=\"https:\/\/sugardaddynordic.com\/wp-content\/uploads\/2025\/10\/Logo-Sugar-Daddy-Nordic.png\" \/>\n\t<meta property=\"og:image:width\" content=\"1024\" \/>\n\t<meta property=\"og:image:height\" content=\"1024\" \/>\n\t<meta property=\"og:image:type\" content=\"image\/png\" \/>\n<meta name=\"twitter:card\" content=\"summary_large_image\" \/>\n<meta name=\"twitter:label1\" content=\"Est. reading time\" \/>\n\t<meta name=\"twitter:data1\" content=\"16 minutes\" \/>\n<script type=\"application\/ld+json\" class=\"yoast-schema-graph\">{\"@context\":\"https:\\\/\\\/schema.org\",\"@graph\":[{\"@type\":\"WebPage\",\"@id\":\"https:\\\/\\\/sugardaddynordic.com\\\/tietosuojakaytanto-2\\\/\",\"url\":\"https:\\\/\\\/sugardaddynordic.com\\\/tietosuojakaytanto-2\\\/\",\"name\":\"Tietosuojak\u00e4yt\u00e4nt\u00f6\",\"isPartOf\":{\"@id\":\"https:\\\/\\\/sugardaddynordic.com\\\/#website\"},\"datePublished\":\"2024-07-31T11:36:41+00:00\",\"breadcrumb\":{\"@id\":\"https:\\\/\\\/sugardaddynordic.com\\\/tietosuojakaytanto-2\\\/#breadcrumb\"},\"inLanguage\":\"is\",\"potentialAction\":[{\"@type\":\"ReadAction\",\"target\":[\"https:\\\/\\\/sugardaddynordic.com\\\/tietosuojakaytanto-2\\\/\"]}]},{\"@type\":\"BreadcrumbList\",\"@id\":\"https:\\\/\\\/sugardaddynordic.com\\\/tietosuojakaytanto-2\\\/#breadcrumb\",\"itemListElement\":[{\"@type\":\"ListItem\",\"position\":1,\"name\":\"Home\",\"item\":\"https:\\\/\\\/sugardaddynordic.com\\\/\"},{\"@type\":\"ListItem\",\"position\":2,\"name\":\"Tietosuojak\u00e4yt\u00e4nt\u00f6\"}]},{\"@type\":\"WebSite\",\"@id\":\"https:\\\/\\\/sugardaddynordic.com\\\/#website\",\"url\":\"https:\\\/\\\/sugardaddynordic.com\\\/\",\"name\":\"Sugar Daddy Nordic\",\"description\":\"\",\"publisher\":{\"@id\":\"https:\\\/\\\/sugardaddynordic.com\\\/#organization\"},\"alternateName\":\"Sugar Daddy Nordic powered by Sugar Daddy Planet\",\"potentialAction\":[{\"@type\":\"SearchAction\",\"target\":{\"@type\":\"EntryPoint\",\"urlTemplate\":\"https:\\\/\\\/sugardaddynordic.com\\\/?s={search_term_string}\"},\"query-input\":{\"@type\":\"PropertyValueSpecification\",\"valueRequired\":true,\"valueName\":\"search_term_string\"}}],\"inLanguage\":\"is\"},{\"@type\":[\"Organization\",\"DatingService\"],\"@id\":\"https:\\\/\\\/sugardaddynordic.com\\\/#organization\",\"name\":\"Sugar Daddy Nordic\",\"url\":\"https:\\\/\\\/sugardaddynordic.com\\\/\",\"logo\":{\"@type\":\"ImageObject\",\"inLanguage\":\"is\",\"@id\":\"https:\\\/\\\/sugardaddynordic.com\\\/#\\\/schema\\\/logo\\\/image\\\/\",\"url\":\"https:\\\/\\\/sugardaddynordic.com\\\/wp-content\\\/uploads\\\/2025\\\/10\\\/cropped-Logo-Sugar-Daddy-Nordic.png\",\"contentUrl\":\"https:\\\/\\\/sugardaddynordic.com\\\/wp-content\\\/uploads\\\/2025\\\/10\\\/cropped-Logo-Sugar-Daddy-Nordic.png\",\"width\":1022,\"height\":323,\"caption\":\"Sugar Daddy Nordic\"},\"image\":{\"@id\":\"https:\\\/\\\/sugardaddynordic.com\\\/#\\\/schema\\\/logo\\\/image\\\/\"},\"serviceType\":\"Dating Service\",\"category\":\"Dating\",\"publishingPrinciples\":\"https:\\\/\\\/sugardaddynordic.com\\\/julkaisustandardit\\\/\",\"ownershipFundingInfo\":\"https:\\\/\\\/sugardaddynordic.com\\\/rahoitus\\\/\",\"actionableFeedbackPolicy\":\"https:\\\/\\\/sugardaddynordic.com\\\/korjauskaytanto\\\/\",\"correctionsPolicy\":\"https:\\\/\\\/sugardaddynordic.com\\\/korjauskaytanto\\\/\",\"ethicsPolicy\":\"https:\\\/\\\/sugardaddynordic.com\\\/eettinen-politiikka\\\/\",\"diversityPolicy\":\"https:\\\/\\\/sugardaddynordic.com\\\/monimuotoisuus\\\/\",\"diversityStaffingReport\":\"https:\\\/\\\/sugardaddynordic.com\\\/yhteistyo\\\/\"}]}<\/script>\n<!-- \/ Yoast SEO Premium plugin. -->","yoast_head_json":{"title":"Pers\u00f3nuverndarstefna","robots":{"index":"noindex","follow":"follow"},"og_locale":"is_IS","og_type":"article","og_title":"Tietosuojak\u00e4yt\u00e4nt\u00f6","og_description":"SugarDaddySuomin&nbsp;omistaja&nbsp;&nbsp;&nbsp;on: HENKIL\u00d6TIETOJEN SUOJAUS Hoidosta vastuussa Tietosuojavastaava:&nbsp;&nbsp;Vastaa Start &amp; Power LCC:n suojaamisesta.&nbsp;ota yhteytt\u00e4 s\u00e4hk\u00f6postitse info@startandpower.com KANSAINV\u00c4LISET TIEDOT Sugardaddyportugal.pt kuuluu blogien ja sosiaalisten verkostojen verkostoon, jonka omistaa Start &amp; Power LCC ja joka tarjoaa palveluita maailmanlaajuisesti.&nbsp;Sijaitsemme Yhdysvalloissa ja ker\u00e4\u00e4mi\u00e4mme tietoja s\u00e4\u00e4telev\u00e4t Yhdysvaltojen lait.&nbsp;K\u00e4ytt\u00e4m\u00e4ll\u00e4 tai k\u00e4ytt\u00e4m\u00e4ll\u00e4 hakupalveluita tai antamalla meille tietoja hyv\u00e4ksyt tietojen k\u00e4sittelyn, siirron ja tallentamisen Yhdysvalloissa ... Read more","og_url":"https:\/\/sugardaddynordic.com\/is\/personuverndarstefna-2\/","og_site_name":"Sugar Daddy Nordic \u00ae","og_image":[{"width":1024,"height":1024,"url":"https:\/\/sugardaddynordic.com\/wp-content\/uploads\/2025\/10\/Logo-Sugar-Daddy-Nordic.png","type":"image\/png"}],"twitter_card":"summary_large_image","twitter_misc":{"Est. reading time":"16 minutes"},"schema":{"@context":"https:\/\/schema.org","@graph":[{"@type":"WebPage","@id":"https:\/\/sugardaddynordic.com\/tietosuojakaytanto-2\/","url":"https:\/\/sugardaddynordic.com\/tietosuojakaytanto-2\/","name":"Pers\u00f3nuverndarstefna","isPartOf":{"@id":"https:\/\/sugardaddynordic.com\/#website"},"datePublished":"2024-07-31T11:36:41+00:00","breadcrumb":{"@id":"https:\/\/sugardaddynordic.com\/tietosuojakaytanto-2\/#breadcrumb"},"inLanguage":"is","potentialAction":[{"@type":"ReadAction","target":["https:\/\/sugardaddynordic.com\/tietosuojakaytanto-2\/"]}]},{"@type":"BreadcrumbList","@id":"https:\/\/sugardaddynordic.com\/tietosuojakaytanto-2\/#breadcrumb","itemListElement":[{"@type":"ListItem","position":1,"name":"Home","item":"https:\/\/sugardaddynordic.com\/"},{"@type":"ListItem","position":2,"name":"Tietosuojak\u00e4yt\u00e4nt\u00f6"}]},{"@type":"WebSite","@id":"https:\/\/sugardaddynordic.com\/#website","url":"https:\/\/sugardaddynordic.com\/","name":"sugar daddy Norr\u00e6nn","description":"","publisher":{"@id":"https:\/\/sugardaddynordic.com\/#organization"},"alternateName":"Sugar Daddy Nordic powered by Sugar Daddy Planet","potentialAction":[{"@type":"SearchAction","target":{"@type":"EntryPoint","urlTemplate":"https:\/\/sugardaddynordic.com\/?s={search_term_string}"},"query-input":{"@type":"PropertyValueSpecification","valueRequired":true,"valueName":"search_term_string"}}],"inLanguage":"is"},{"@type":["Organization","DatingService"],"@id":"https:\/\/sugardaddynordic.com\/#organization","name":"sugar daddy Norr\u00e6nn","url":"https:\/\/sugardaddynordic.com\/","logo":{"@type":"ImageObject","inLanguage":"is","@id":"https:\/\/sugardaddynordic.com\/#\/schema\/logo\/image\/","url":"https:\/\/sugardaddynordic.com\/wp-content\/uploads\/2025\/10\/cropped-Logo-Sugar-Daddy-Nordic.png","contentUrl":"https:\/\/sugardaddynordic.com\/wp-content\/uploads\/2025\/10\/cropped-Logo-Sugar-Daddy-Nordic.png","width":1022,"height":323,"caption":"Sugar Daddy Nordic"},"image":{"@id":"https:\/\/sugardaddynordic.com\/#\/schema\/logo\/image\/"},"serviceType":"Dating Service","category":"Dating","publishingPrinciples":"https:\/\/sugardaddynordic.com\/julkaisustandardit\/","ownershipFundingInfo":"https:\/\/sugardaddynordic.com\/rahoitus\/","actionableFeedbackPolicy":"https:\/\/sugardaddynordic.com\/korjauskaytanto\/","correctionsPolicy":"https:\/\/sugardaddynordic.com\/korjauskaytanto\/","ethicsPolicy":"https:\/\/sugardaddynordic.com\/eettinen-politiikka\/","diversityPolicy":"https:\/\/sugardaddynordic.com\/monimuotoisuus\/","diversityStaffingReport":"https:\/\/sugardaddynordic.com\/yhteistyo\/"}]}},"_links":{"self":[{"href":"https:\/\/sugardaddynordic.com\/is\/wp-json\/wp\/v2\/pages\/5998","targetHints":{"allow":["GET"]}}],"collection":[{"href":"https:\/\/sugardaddynordic.com\/is\/wp-json\/wp\/v2\/pages"}],"about":[{"href":"https:\/\/sugardaddynordic.com\/is\/wp-json\/wp\/v2\/types\/page"}],"author":[{"embeddable":true,"href":"https:\/\/sugardaddynordic.com\/is\/wp-json\/wp\/v2\/users\/1"}],"replies":[{"embeddable":true,"href":"https:\/\/sugardaddynordic.com\/is\/wp-json\/wp\/v2\/comments?post=5998"}],"version-history":[{"count":0,"href":"https:\/\/sugardaddynordic.com\/is\/wp-json\/wp\/v2\/pages\/5998\/revisions"}],"wp:attachment":[{"href":"https:\/\/sugardaddynordic.com\/is\/wp-json\/wp\/v2\/media?parent=5998"}],"curies":[{"name":"wp","href":"https:\/\/api.w.org\/{rel}","templated":true}]}}